{"id":100,"date":"2013-11-07T22:22:20","date_gmt":"2013-11-07T21:22:20","guid":{"rendered":"http:\/\/zsjarosovnn.cz\/?page_id=100"},"modified":"2019-09-25T22:05:59","modified_gmt":"2019-09-25T21:05:59","slug":"fotogalerie-3","status":"publish","type":"page","link":"http:\/\/zsjarosovnn.cz\/?page_id=100","title":{"rendered":"Fotogalerie 2013\/2014"},"content":{"rendered":"<div class=\"wp-caption alignnone\" style=\"width: 150px\"><a href=\"http:\/\/zsjarosovnn.cz\/?p=4279\"><img decoding=\"async\" loading=\"lazy\" alt=\"OLYMPUS DIGITAL CAMERA\" src=\"http:\/\/zsjarosovnn.cz\/wp-content\/uploads\/2014\/06\/Vesel%C3%A9-zoubky-1.-ro%C4%8Dn%C3%ADk-001-150x150.jpg\" width=\"150\" height=\"150\" \/><\/a><p class=\"wp-caption-text\">Va\u0159\u00edm, va\u0159\u00ed\u0161, va\u0159\u00edme &#8211; ovocn\u00e9 knedl\u00edky &#8211; 24.6. 2014<\/p><\/div>\n<div class=\"wp-caption alignnone\" style=\"width: 150px\"><a href=\"http:\/\/zsjarosovnn.cz\/?p=4264\"><img decoding=\"async\" loading=\"lazy\" alt=\"OLYMPUS DIGITAL CAMERA\" src=\"http:\/\/zsjarosovnn.cz\/wp-content\/uploads\/2014\/06\/Vesel%C3%A9-zoubky-1.-ro%C4%8Dn%C3%ADk-013-150x150.jpg\" width=\"150\" height=\"150\" \/><\/a><p class=\"wp-caption-text\">Vesel\u00e9 zoubky &#8211; 1. ro\u010dn\u00edk &#8211; 24.6. 2014<\/p><\/div>\n<div class=\"wp-caption alignnone\" style=\"width: 150px\"><a href=\"http:\/\/zsjarosovnn.cz\/?p=4076\"><img decoding=\"async\" loading=\"lazy\" alt=\"057\" src=\"http:\/\/zsjarosovnn.cz\/wp-content\/uploads\/2014\/06\/057-150x150.jpg\" width=\"150\" height=\"150\" \/><\/a><p class=\"wp-caption-text\">Setk\u00e1n\u00ed malot\u0159\u00eddn\u00edch \u0161kol v Popel\u00edn\u011b &#8211; 20.6. 2014<\/p><\/div>\n<div class=\"wp-caption alignnone\" style=\"width: 150px\"><a href=\"http:\/\/zsjarosovnn.cz\/?p=4221\"><img decoding=\"async\" loading=\"lazy\" alt=\"OLYMPUS DIGITAL CAMERA\" src=\"http:\/\/zsjarosovnn.cz\/wp-content\/uploads\/2014\/06\/Rozlou%C4%8Den%C3%AD-s-p%C3%A1%C5%A5%C3%A1ky-18.6.-2014-062-150x150.jpg\" width=\"150\" height=\"150\" \/><\/a><p class=\"wp-caption-text\">Ochutn\u00e1vka bylinkov\u00e9 limon\u00e1dy &#8211; 19.6. 2014<\/p><\/div>\n<div class=\"wp-caption alignnone\" style=\"width: 150px\"><a href=\"http:\/\/zsjarosovnn.cz\/?p=4047\"><img decoding=\"async\" loading=\"lazy\" alt=\"015\" src=\"http:\/\/zsjarosovnn.cz\/wp-content\/uploads\/2014\/06\/015-150x150.jpg\" width=\"150\" height=\"150\" \/><\/a><p class=\"wp-caption-text\">Stromy, sk\u0159eti, d\u0159ev\u00e1ci &#8211; 19.6. 2014<\/p><\/div>\n<div class=\"wp-caption alignnone\" style=\"width: 150px\"><a href=\"http:\/\/zsjarosovnn.cz\/?p=4201\"><img decoding=\"async\" loading=\"lazy\" alt=\"OLYMPUS DIGITAL CAMERA\" src=\"http:\/\/zsjarosovnn.cz\/wp-content\/uploads\/2014\/06\/Rozlou%C4%8Den%C3%AD-s-p%C3%A1%C5%A5%C3%A1ky-18.6.-2014-0711-150x150.jpg\" width=\"150\" height=\"150\" \/><\/a><p class=\"wp-caption-text\">Stavba lesn\u00edch p\u0159\u00edbytk\u016f &#8211; 18.6. 2014<\/p><\/div>\n<div class=\"wp-caption alignnone\" style=\"width: 150px\"><a href=\" http:\/\/zsjarosovnn.cz\/?p=4157\"><img decoding=\"async\" loading=\"lazy\" alt=\"OLYMPUS DIGITAL CAMERA\" src=\"http:\/\/zsjarosovnn.cz\/wp-content\/uploads\/2014\/06\/Rozlou%C4%8Den%C3%AD-s-p%C3%A1%C5%A5%C3%A1ky-18.6.-2014-008-150x150.jpg\" width=\"150\" height=\"150\" \/><\/a><p class=\"wp-caption-text\">Rozlou\u010den\u00ed s p\u00e1\u0165\u00e1ky, vyhodnocen\u00ed sb\u011bru pap\u00edru &#8211; 18.6. 2014<\/p><\/div>\n<div class=\"wp-caption alignnone\" style=\"width: 150px\"><a href=\"http:\/\/zsjarosovnn.cz\/?p=4031\"><img decoding=\"async\" loading=\"lazy\" alt=\"OLYMPUS DIGITAL CAMERA\" src=\"http:\/\/zsjarosovnn.cz\/wp-content\/uploads\/2014\/06\/Prv%C5%88%C3%A1%C4%8Dci-na-%C5%A1koln%C3%AD-zahrad%C4%9B-13.6.-2014-004-150x150.jpg\" width=\"150\" height=\"150\" \/><\/a><p class=\"wp-caption-text\">Prv\u0148\u00e1\u010dci na \u0161koln\u00ed zahrad\u011b &#8211; 13.6. 2014<\/p><\/div>\n<div class=\"wp-caption alignnone\" style=\"width: 150px\"><a href=\"http:\/\/zsjarosovnn.cz\/?p=3813\"><img decoding=\"async\" loading=\"lazy\" alt=\"OLYMPUS DIGITAL CAMERA\" src=\"http:\/\/zsjarosovnn.cz\/wp-content\/uploads\/2014\/06\/OVOV-T%C3%A1bor-krajsk%C3%A9-kolo-039-150x150.jpg\" width=\"150\" height=\"150\" \/><\/a><p class=\"wp-caption-text\">Odznak v\u0161estrannosti olympijsk\u00fdch v\u00edt\u011bz\u016f &#8211; krajsk\u00e9 kolo -T\u00e1bor &#8211; 12.6. 2014<\/p><\/div>\n<div class=\"wp-caption alignnone\" style=\"width: 150px\"><a href=\"http:\/\/zsjarosovnn.cz\/?p=3775\"><img decoding=\"async\" loading=\"lazy\" alt=\"P1330927\" src=\"http:\/\/zsjarosovnn.cz\/wp-content\/uploads\/2014\/06\/P1330927-150x150.jpg\" width=\"150\" height=\"150\" \/><\/a><p class=\"wp-caption-text\">H\u00e1zen\u00e1 &#8211; \u017dirovnick\u00e1 \u0161koln\u00ed liga &#8211; 7.6. 2014<\/p><\/div>\n<div class=\"wp-caption alignnone\" style=\"width: 150px\"><a href=\"http:\/\/zsjarosovnn.cz\/?p=3790\"><img decoding=\"async\" loading=\"lazy\" alt=\"\" src=\"http:\/\/zsjarosovnn.cz\/wp-content\/uploads\/2014\/06\/Tane%C4%8Dn%C3%AD-krou%C5%BEek-012-150x150.jpg\" width=\"150\" height=\"150\" \/><\/a><p class=\"wp-caption-text\">Ukon\u010den\u00ed sb\u011bru pap\u00edru &#8211; 6.6 2014<\/p><\/div>\n<div class=\"wp-caption alignnone\" style=\"width: 150px\"><a href=\"http:\/\/zsjarosovnn.cz\/?p=3678\"><img decoding=\"async\" loading=\"lazy\" alt=\"OLYMPUS DIGITAL CAMERA\" src=\"http:\/\/zsjarosovnn.cz\/wp-content\/uploads\/2014\/06\/Atletick%C3%BD-trojboj-5.6.-2014-041-150x150.jpg\" width=\"150\" height=\"150\" \/><\/a><p class=\"wp-caption-text\">Z\u00e1v\u011bre\u010dn\u00e9 vystoupen\u00ed tane\u010dn\u00edho krou\u017eku<\/p><\/div>\n<div class=\"wp-caption alignnone\" style=\"width: 150px\"><a href=\"http:\/\/zsjarosovnn.cz\/?p=3669\"><img decoding=\"async\" loading=\"lazy\" alt=\"OLYMPUS DIGITAL CAMERA\" src=\"http:\/\/zsjarosovnn.cz\/wp-content\/uploads\/2014\/06\/Atletick%C3%BD-trojboj-5.6.-2014-028-150x150.jpg\" width=\"150\" height=\"150\" \/><\/a><p class=\"wp-caption-text\">\u0160D St\u00e1\u010den\u00ed bezinkov\u00e9 limon\u00e1dy &#8211; 5.6. 2014<\/p><\/div>\n<div class=\"wp-caption alignnone\" style=\"width: 150px\"><a href=\"http:\/\/zsjarosovnn.cz\/?p=3658\"><img decoding=\"async\" loading=\"lazy\" alt=\"OLYMPUS DIGITAL CAMERA\" src=\"http:\/\/zsjarosovnn.cz\/wp-content\/uploads\/2014\/06\/Atletick%C3%BD-trojboj-5.6.-2014-016-150x150.jpg\" width=\"150\" height=\"150\" \/><\/a><p class=\"wp-caption-text\">Atletick\u00fd trojboj &#8211; Jind\u0159ich\u016fv Hradec- 5.6. 2014<\/p><\/div>\n<div class=\"wp-caption alignnone\" style=\"width: 150px\"><a href=\"http:\/\/zsjarosovnn.cz\/?p=3547\"><img decoding=\"async\" loading=\"lazy\" alt=\"V\u00fdlet Slavonice - podzem\u00ed, Cesta poh\u00e1dkov\u00fdm lesem - 4.6. 2014 002\" src=\"http:\/\/zsjarosovnn.cz\/wp-content\/uploads\/2014\/06\/V%C3%BDlet-Slavonice-podzem%C3%AD-Cesta-poh%C3%A1dkov%C3%BDm-lesem-4.6.-2014-002-150x150.jpg\" width=\"150\" height=\"150\" \/><\/a><p class=\"wp-caption-text\">V\u00fdlet do Slavonic &#8211; Podzem\u00ed, cesta poh\u00e1dkov\u00fdm lesem &#8211; 4.6. 2014<\/p><\/div>\n<div class=\"wp-caption alignnone\" style=\"width: 150px\"><a href=\"http:\/\/zsjarosovnn.cz\/?p=3626\"><img decoding=\"async\" loading=\"lazy\" alt=\"OLYMPUS DIGITAL CAMERA\" src=\"http:\/\/zsjarosovnn.cz\/wp-content\/uploads\/2014\/06\/Rub-a-l%C3%ADc-na%C5%A1ich-od%C4%9Bv%C5%AF-ekov%C3%BDchovn%C3%BD-program-011-150x150.jpg\" width=\"150\" height=\"150\" \/><\/a><p class=\"wp-caption-text\">Rub a l\u00edc na\u0161ich od\u011bv\u016f &#8211; Slavonice &#8211; 4.6. 2014<\/p><\/div>\n<div class=\"wp-caption alignnone\" style=\"width: 150px\"><a href=\"http:\/\/zsjarosovnn.cz\/?p=3530\"><img decoding=\"async\" loading=\"lazy\" alt=\"OLYMPUS DIGITAL CAMERA\" src=\"http:\/\/zsjarosovnn.cz\/wp-content\/uploads\/2014\/06\/Kn%C3%AD%C5%BEka-pro-prv%C5%88%C3%A1%C4%8Dka-2.6.-2014-Pravdova-knihovna-047-150x150.jpg\" width=\"150\" height=\"150\" \/><\/a><p class=\"wp-caption-text\">\u0160koln\u00ed zahrada &#8211; stavba prav\u011bk\u00e9 ch\u00fd\u0161e &#8211; 3.6. 2014<\/p><\/div>\n<div class=\"wp-caption alignnone\" style=\"width: 150px\"><a href=\"http:\/\/zsjarosovnn.cz\/?p=3503\"><img decoding=\"async\" loading=\"lazy\" alt=\"OLYMPUS DIGITAL CAMERA\" src=\"http:\/\/zsjarosovnn.cz\/wp-content\/uploads\/2014\/06\/Kn%C3%AD%C5%BEka-pro-prv%C5%88%C3%A1%C4%8Dka-2.6.-2014-Pravdova-knihovna-035-150x150.jpg\" width=\"150\" height=\"150\" \/><\/a><p class=\"wp-caption-text\">Kn\u00ed\u017eka pro prv\u0148\u00e1\u010dka &#8211; Pravdova knihovna &#8211; 2.6. 2014<\/p><\/div>\n<div class=\"wp-caption alignnone\" style=\"width: 150px\"><a href=\" http:\/\/zsjarosovnn.cz\/?p=3499\"><img decoding=\"async\" loading=\"lazy\" alt=\"IMG_0925\" src=\"http:\/\/zsjarosovnn.cz\/wp-content\/uploads\/2014\/05\/IMG_0925-150x150.jpg\" width=\"150\" height=\"150\" \/><\/a><p class=\"wp-caption-text\">Ekov\u00fdchovn\u00fd v\u00fdukov\u00fd program Jaro &#8211; p\u016fda &#8211; o.s. Vespolek &#8211; 27.5. 2014<\/p><\/div>\n<div class=\"wp-caption alignnone\" style=\"width: 150px\"><a href=\"http:\/\/zsjarosovnn.cz\/?p=3762\"><img decoding=\"async\" loading=\"lazy\" alt=\"20140523_092049\" src=\"http:\/\/zsjarosovnn.cz\/wp-content\/uploads\/2014\/06\/20140523_092049-150x150.jpg\" width=\"150\" height=\"150\" \/><\/a><p class=\"wp-caption-text\">V\u00fdprava na ekofarmu v Rodv\u00ednov\u011b &#8211; 23.5. 2014<\/p><\/div>\n<div class=\"wp-caption alignnone\" style=\"width: 150px\"><a href=\"http:\/\/zsjarosovnn.cz\/?p=3347\"><img decoding=\"async\" loading=\"lazy\" alt=\"IMG_0898\" src=\"http:\/\/zsjarosovnn.cz\/wp-content\/uploads\/2014\/05\/IMG_0898-150x150.jpg\" width=\"150\" height=\"150\" \/><\/a><p class=\"wp-caption-text\">Z\u0160 Stromy, sk\u0159eti, d\u0159ev\u00e1ci &#8211; 22. 5. 2014<\/p><\/div>\n<div class=\"wp-caption alignnone\" style=\"width: 150px\"><a href=\" http:\/\/zsjarosovnn.cz\/?p=3297\"><img decoding=\"async\" loading=\"lazy\" alt=\"KONICA MINOLTA DIGITAL CAMERA\" src=\"http:\/\/zsjarosovnn.cz\/wp-content\/uploads\/2014\/05\/PICT0062-150x150.jpg\" width=\"150\" height=\"150\" \/><\/a><p class=\"wp-caption-text\">N\u00e1v\u0161t\u011bva ZU\u0160 V\u00edt\u011bzslava Nov\u00e1ka Jind\u0159ich\u016fv Hradec<\/p><\/div>\n<div class=\"wp-caption alignnone\" style=\"width: 150px\"><img decoding=\"async\" loading=\"lazy\" alt=\"OLYMPUS DIGITAL CAMERA\" src=\"http:\/\/zsjarosovnn.cz\/wp-content\/uploads\/2014\/05\/Mal\u00e9-divadlo-\u010cesk\u00e9-Bud\u011bjovice-20.5.-2014-009-150x150.jpg\" width=\"150\" height=\"150\" \/><p class=\"wp-caption-text\">Sto rok\u016f pr\u00e1zdnin \u2013 Mal\u00e9 divadlo \u010cesk\u00e9 Bud\u011bjovice \u2013 4. a 5. ro\u010dn\u00edk \u2013 20.5. 2014<\/p><\/div>\n<div class=\"wp-caption alignnone\" style=\"width: 150px\"><img decoding=\"async\" loading=\"lazy\" alt=\"Ole\u0161nick\u00fd l\u00edstek - 19.5. 2014 083\" src=\"http:\/\/zsjarosovnn.cz\/wp-content\/uploads\/2014\/05\/Ole\u0161nick\u00fd-l\u00edstek-19.5.-2014-083-150x150.jpg\" width=\"150\" height=\"150\" \/><p class=\"wp-caption-text\">Ole\u0161nick\u00fd l\u00edstek &#8211; 19.5. 2014<\/p><\/div>\n<div class=\"wp-caption alignnone\" style=\"width: 150px\"><a href=\"http:\/\/zsjarosovnn.cz\/?p=3083\"><img decoding=\"async\" loading=\"lazy\" alt=\"OLYMPUS DIGITAL CAMERA\" src=\"http:\/\/zsjarosovnn.cz\/wp-content\/uploads\/2014\/05\/N%C3%A1v%C5%A1t%C4%9Bva-hasi%C4%8Dsk%C3%A9-zbrojnice-brann%C3%BD-z%C3%A1vod-047-51-150x150.jpg\" width=\"150\" height=\"150\" \/><\/a><p class=\"wp-caption-text\">N\u00e1v\u0161t\u011bva hasi\u010dsk\u00e9 zbrojnice, brann\u00fd z\u00e1vod \u2013 9.5.2014<\/p><\/div>\n<div class=\"wp-caption alignnone\" style=\"width: 150px\"><img decoding=\"async\" loading=\"lazy\" alt=\"20140512_122634\" src=\"http:\/\/zsjarosovnn.cz\/wp-content\/uploads\/2014\/05\/20140512_122634-150x150.jpg\" width=\"150\" height=\"150\" \/><p class=\"wp-caption-text\">Okresn\u00ed kolo vyb\u00edjen\u00e9 v Jind\u0159ichov\u011b Hradci \u2013 12.5. 2014<\/p><\/div>\n<div class=\"wp-caption alignnone\" style=\"width: 150px\"><a href=\"http:\/\/zsjarosovnn.cz\/?p=3001\"><img decoding=\"async\" loading=\"lazy\" alt=\"img_6647[1]\" src=\"http:\/\/zsjarosovnn.cz\/wp-content\/uploads\/2014\/05\/img_66471-150x150.jpg\" width=\"150\" height=\"150\" \/><\/a><p class=\"wp-caption-text\">Odznak v\u0161estrannosti &#8211;<br \/>J. Hradec &#8211; 7.5. 2014<\/p><\/div>\n<div class=\"wp-caption alignnone\" style=\"width: 150px\"><a href=\"http:\/\/zsjarosovnn.cz\/?p=2960\"><img decoding=\"async\" loading=\"lazy\" alt=\"\u0160D - \u010carod\u011bjnick\u00e9 odpoledne - 30.4. 2014 013\" src=\"http:\/\/zsjarosovnn.cz\/wp-content\/uploads\/2014\/05\/%C5%A0D-%C4%8Carod%C4%9Bjnick%C3%A9-odpoledne-30.4.-2014-013-150x150.jpg\" width=\"150\" height=\"150\" \/><\/a><p class=\"wp-caption-text\">\u0160D &#8211; \u010carod\u011bjnick\u00e9 odpoledne &#8211; 30.4. 2014<\/p><\/div>\n<div class=\"wp-caption alignnone\" style=\"width: 150px\"><a href=\"http:\/\/zsjarosovnn.cz\/?p=2813\"><img decoding=\"async\" loading=\"lazy\" alt=\"Den Zem\u011b - 26.4. 2014 003\" src=\"http:\/\/zsjarosovnn.cz\/wp-content\/uploads\/2014\/04\/Den-Zem%C4%9B-26.4.-2014-003-150x150.jpg\" width=\"150\" height=\"150\" \/><\/a><p class=\"wp-caption-text\">Den Zem\u011b &#8211; 26.4. 2014<\/p><\/div>\n<div id=\"attachment_2687\" class=\"wp-caption alignnone\" style=\"width: 150px\"><a href=\"http:\/\/zsjarosovnn.cz\/?p=2689\"><img decoding=\"async\" loading=\"lazy\" class=\" wp-image-2687\" alt=\"Jaro\u0161ovsk\u00e9 vaj\u00ed\u010dko - 16. 4. 2014 075\" src=\"http:\/\/zsjarosovnn.cz\/wp-content\/uploads\/2014\/04\/Jaro\u0161ovsk\u00e9-vaj\u00ed\u010dko-16.-4.-2014-075.jpg\" width=\"150\" height=\"150\" \/><\/a><p class=\"wp-caption-text\">Jaro\u0161ovsk\u00e9 vaj\u00ed\u010dko &#8211; 16. 4. 2014<\/p><\/div>\n<div class=\"wp-caption alignnone\" style=\"width: 150px\"><a href=\"http:\/\/zsjarosovnn.cz\/?p=2642\"><img decoding=\"async\" loading=\"lazy\" alt=\"OLYMPUS DIGITAL CAMERA\" src=\"http:\/\/zsjarosovnn.cz\/wp-content\/uploads\/2014\/04\/Velikono\u010dn\u00ed-d\u00edlna-15-.4.-2014-005-150x150.jpg\" width=\"150\" height=\"150\" \/><\/a><p class=\"wp-caption-text\">Velikono\u010dn\u00ed d\u00edlna &#8211; 15.4. 2014<\/p><\/div>\n<div class=\"wp-caption alignnone\" style=\"width: 150px\"><a href=\"http:\/\/zsjarosovnn.cz\/?p=2613\"><img decoding=\"async\" loading=\"lazy\" alt=\"Velikono\u010dn\u00ed zvyky  s pan\u00ed Zvona\u0159ovou 020\" src=\"http:\/\/zsjarosovnn.cz\/wp-content\/uploads\/2014\/04\/Velikono\u010dn\u00ed-zvyky-s-pan\u00ed-Zvona\u0159ovou-020-150x150.jpg\" width=\"150\" height=\"150\" \/><\/a><p class=\"wp-caption-text\">Velikono\u010dn\u00ed zvyky s Mgr. Zvona\u0159ovou &#8211; 15.4. 2014<\/p><\/div>\n<div class=\"wp-caption alignnone\" style=\"width: 150px\"><a href=\"http:\/\/zsjarosovnn.cz\/?p=2579\"><img decoding=\"async\" loading=\"lazy\" alt=\"Vr\u00e1teck\u00fd Picasso - 15. 4. 2014 005\" src=\"http:\/\/zsjarosovnn.cz\/wp-content\/uploads\/2014\/04\/Vr\u00e1teck\u00fd-Picasso-15.-4.-2014-005-150x150.jpg\" width=\"150\" height=\"150\" \/><\/a><p class=\"wp-caption-text\">Vr\u00e1teck\u00fd Picasso &#8211; 15. 4. 2014<\/p><\/div>\n<div class=\"wp-caption alignnone\" style=\"width: 150px\"><a href=\"http:\/\/zsjarosovnn.cz\/?p=2351\"><img decoding=\"async\" loading=\"lazy\" alt=\"Prvn\u00ed pomoc - 4. 4. 2014 024\" src=\"http:\/\/zsjarosovnn.cz\/wp-content\/uploads\/2014\/04\/Prvn\u00ed-pomoc-4.-4.-2014-024-150x150.jpg\" width=\"150\" height=\"150\" \/><\/a><p class=\"wp-caption-text\">Prvn\u00ed pomoc &#8211; 4. 4. 2014<\/p><\/div>\n<div id=\"attachment_2264\" class=\"wp-caption alignnone\" style=\"width: 150px\"><a href=\"http:\/\/zsjarosovnn.cz\/?p=2265\"><img decoding=\"async\" loading=\"lazy\" class=\" wp-image-2264   \" style=\"width: 155px; height: 150px;\" alt=\"Jind\u0159ichohradeck\u00fd Text\u00edk \" src=\"http:\/\/zsjarosovnn.cz\/wp-content\/uploads\/2014\/04\/Jind\u0159ichohradeck\u00fd-Text\u00edk-004.jpg\" width=\"150\" height=\"130\" \/><\/a><p class=\"wp-caption-text\">Jind\u0159ichohradeck\u00fd Text\u00edk<br \/>3. 4. 2014<\/p><\/div>\n<div class=\"wp-caption alignnone\" style=\"width: 150px\"><a href=\"http:\/\/zsjarosovnn.cz\/?p=2183\"><img decoding=\"async\" loading=\"lazy\" alt=\"OLYMPUS DIGITAL CAMERA\" src=\"http:\/\/zsjarosovnn.cz\/wp-content\/uploads\/2014\/04\/Ml\u00fdnek-v-Mlad\u00e9m-1.-4.-2014-030-150x150.jpg\" width=\"150\" height=\"150\" \/><\/a><p class=\"wp-caption-text\">Ml\u00fdnek v Mlad\u00e9m &#8211; 1. 4. 2014<\/p><\/div>\n<div id=\"attachment_2333\" class=\"wp-caption alignnone\" style=\"width: 150px\"><a href=\"http:\/\/zsjarosovnn.cz\/?p=2338\"><img decoding=\"async\" loading=\"lazy\" class=\" wp-image-2333\" alt=\"IMG_0621\" src=\"http:\/\/zsjarosovnn.cz\/wp-content\/uploads\/2014\/04\/IMG_0621.jpg\" width=\"150\" height=\"150\" \/><\/a><p class=\"wp-caption-text\"><br \/>Ukli\u010fme sv\u011bt &#8211; 28. 3. 2014<\/p><\/div>\n<div class=\"wp-caption alignnone\" style=\"width: 150px\"><a href=\"http:\/\/zsjarosovnn.cz\/?p=1954\"><img decoding=\"async\" loading=\"lazy\" alt=\"OLYMPUS DIGITAL CAMERA\" src=\"http:\/\/zsjarosovnn.cz\/wp-content\/uploads\/2014\/03\/V%C3%BDlet-do-Prahy-Pra%C5%BEsk%C3%BD-hrad-4.-a-5.-ro%C4%8Dn%C3%ADk-25.-3.-2014-023-150x150.jpg\" width=\"150\" height=\"150\" \/><\/a><p class=\"wp-caption-text\">V\u00fdlet do Prahy &#8211; 03\/14<\/p><\/div>\n<div class=\"wp-caption alignnone\" style=\"width: 150px\"><a href=\"http:\/\/zsjarosovnn.cz\/?p=1911\"><img decoding=\"async\" loading=\"lazy\" alt=\"Prv\u0148\u00e1ci v Pravdov\u011b knihovn\u011b 051\" src=\"http:\/\/zsjarosovnn.cz\/wp-content\/uploads\/2014\/03\/Prv%C5%88%C3%A1ci-v-Pravdov%C4%9B-knihovn%C4%9B-051-150x150.jpg\" width=\"150\" height=\"150\" \/><\/a><p class=\"wp-caption-text\">Prv\u0148\u00e1\u010dci v Pravdov\u011b knihovn\u011b &#8211; 03\/14<\/p><\/div>\n<p>&nbsp;<\/p>\n<div class=\"wp-caption alignnone\" style=\"width: 150px\"><img decoding=\"async\" loading=\"lazy\" alt=\"Prvn\u00ed jarn\u00ed den na \u0161koln\u00ed zahrad\u011b 014\" src=\"http:\/\/zsjarosovnn.cz\/wp-content\/uploads\/2014\/03\/Prvn%C3%AD-jarn%C3%AD-den-na-%C5%A1koln%C3%AD-zahrad%C4%9B-014-150x150.jpg\" width=\"150\" height=\"150\" \/><p class=\"wp-caption-text\">Prvn\u00ed jarn\u00ed den na \u0161koln\u00ed zahrad\u011b 03\/14<\/p><\/div>\n<div class=\"wp-caption alignnone\" style=\"width: 150px\"><a href=\"http:\/\/zsjarosovnn.cz\/?p=1890\"><img decoding=\"async\" loading=\"lazy\" class=\" \" alt=\"OLYMPUS DIGITAL CAMERA\" src=\"http:\/\/zsjarosovnn.cz\/wp-content\/uploads\/2014\/03\/Karneval-ve-%C5%A1koln%C3%AD-dru%C5%BEin%C4%9B-13.-3.-2014-018-150x150.jpg\" width=\"150\" height=\"150\" \/><\/a><p class=\"wp-caption-text\"><a href=\"http:\/\/zsjarosovnn.cz\/?p=1890\">Karneval ve \u0161koln\u00ed dru\u017ein\u011b &#8211; 03\/14<\/a><\/p><\/div>\n<div id=\"attachment_1661\" class=\"wp-caption alignnone\" style=\"width: 150px\"><a href=\"http:\/\/zsjarosovnn.cz\/?p=1890\"><img decoding=\"async\" loading=\"lazy\" class=\" wp-image-1661\" alt=\"zapis5 006\" src=\"http:\/\/zsjarosovnn.cz\/wp-content\/uploads\/2014\/03\/zapis5-006.jpg\" width=\"150\" height=\"94\" \/><\/a><p class=\"wp-caption-text\">Z\u00e1pis do 1. t\u0159\u00eddy<\/p><\/div>\n<div id=\"attachment_1643\" class=\"wp-caption alignnone\" style=\"width: 150px\"><a href=\"http:\/\/zsjarosovnn.cz\/?p=1644 \"><img decoding=\"async\" loading=\"lazy\" class=\" wp-image-1643\" alt=\"Prvn\u00ed vysv\u011bd\u010den\u00ed - 30.1. 2014\" src=\"http:\/\/zsjarosovnn.cz\/wp-content\/uploads\/2014\/03\/Prvn\u00ed-vysv\u011bd\u010den\u00ed-30.1.-2014.jpg\" width=\"150\" height=\"94\" \/><\/a><p class=\"wp-caption-text\">Prvn\u00ed vysv\u011bd\u010den\u00ed &#8211; 30.1. 2014<\/p><\/div>\n<div id=\"attachment_658\" class=\"wp-caption alignnone\" style=\"width: 150px\"><a href=\"http:\/\/zsjarosovnn.cz\/?p=648\"><img decoding=\"async\" loading=\"lazy\" class=\" wp-image-658 \" alt=\"\" src=\"http:\/\/zsjarosovnn.cz\/wp-content\/uploads\/2014\/02\/Druh\u00e1ci-\u010dtou-prv\u0148\u00e1k\u016fm-008.jpg\" width=\"150\" height=\"94\" \/><\/a><p class=\"wp-caption-text\">Druh\u00e1ci \u010dtou prv\u0148\u00e1k\u016fm 01\/14<\/p><\/div>\n<div id=\"attachment_494\" class=\"wp-caption alignnone\" style=\"width: 150px\"><a href=\"http:\/\/zsjarosovnn.cz\/?p=1640\"><img decoding=\"async\" loading=\"lazy\" class=\" wp-image-494 \" alt=\"OLYMPUS DIGITAL CAMERA\" src=\"http:\/\/zsjarosovnn.cz\/wp-content\/uploads\/2013\/11\/Zdoben\u00ed-strome\u010dku-pro-zv\u00ed\u0159\u00e1tka-prosinec-2013-1.-ro\u010d-023-300x224.jpg\" width=\"150\" height=\"94\" \/><\/a><p class=\"wp-caption-text\">Zdoben\u00ed strome\u010dku pro zv\u00ed\u0159\u00e1tka &#8211; 1. ro\u010dn\u00edk<\/p><\/div>\n<div id=\"attachment_1615\" class=\"wp-caption alignnone\" style=\"width: 150px\"><a href=\"http:\/\/zsjarosovnn.cz\/?p=1630\"><img decoding=\"async\" loading=\"lazy\" class=\" wp-image-1615\" alt=\"V\u00e1no\u010dn\u00ed bes\u00eddka - 12.12. 2013 116\" src=\"http:\/\/zsjarosovnn.cz\/wp-content\/uploads\/2014\/03\/V\u00e1no\u010dn\u00ed-bes\u00eddka-12.12.-2013-116.jpg\" width=\"150\" height=\"94\" \/><\/a><p class=\"wp-caption-text\">V\u00e1no\u010dn\u00ed bes\u00eddka, jarmark<\/p><\/div>\n<div id=\"attachment_1570\" class=\"wp-caption alignnone\" style=\"width: 150px\"><a href=\"http:\/\/zsjarosovnn.cz\/?p=1574 \"><img decoding=\"async\" loading=\"lazy\" class=\" wp-image-1570\" alt=\"\u010certovsk\u00e9 tvo\u0159en\u00ed v \u0160D 004\" src=\"http:\/\/zsjarosovnn.cz\/wp-content\/uploads\/2014\/03\/\u010certovsk\u00e9-tvo\u0159en\u00ed-v-\u0160D-004.jpg\" width=\"150\" height=\"94\" \/><\/a><p class=\"wp-caption-text\">\u010certovsk\u00e9 tvo\u0159en\u00ed ve \u0161koln\u00ed dru\u017ein\u011b<\/p><\/div>\n<div id=\"attachment_1517\" class=\"wp-caption alignnone\" style=\"width: 150px\"><a href=\"http:\/\/zsjarosovnn.cz\/?p=1566\"><img decoding=\"async\" loading=\"lazy\" class=\" wp-image-1517\" alt=\"\u010cert\u00ed \u0161kola - 5.12. 2013 003\" src=\"http:\/\/zsjarosovnn.cz\/wp-content\/uploads\/2014\/03\/\u010cert\u00ed-\u0161kola-5.12.-2013-003.jpg\" width=\"150\" height=\"94\" \/><\/a><p class=\"wp-caption-text\">Projekt \u010cert\u00ed \u0161kola &#8211; 5.12. 2013<\/p><\/div>\n<div id=\"attachment_1505\" class=\"wp-caption alignnone\" style=\"width: 150px\"><a href=\"http:\/\/zsjarosovnn.cz\/?p=1515\"><img decoding=\"async\" loading=\"lazy\" class=\" wp-image-1505\" alt=\"Vyhodnocen\u00ed sb\u011bru ka\u0161tan\u016f a \u017ealud\u016f - 29.11. 2013 001\" src=\"http:\/\/zsjarosovnn.cz\/wp-content\/uploads\/2014\/03\/Vyhodnocen\u00ed-sb\u011bru-ka\u0161tan\u016f-a-\u017ealud\u016f-29.11.-2013-001.jpg\" width=\"150\" height=\"94\" \/><\/a><p class=\"wp-caption-text\">Vyhodnocen\u00ed sb\u011bru ka\u0161tan\u016f a \u017ealud\u016f &#8211; 29.11. 2013<\/p><\/div>\n<div id=\"attachment_1485\" class=\"wp-caption alignnone\" style=\"width: 150px\"><a href=\"http:\/\/zsjarosovnn.cz\/?p=1503\"><img decoding=\"async\" loading=\"lazy\" class=\" wp-image-1485\" alt=\"21.11. 2013 - Projekt Stromy - 5. ro\u010dn\u00edk - zakop\u00e1n\u00ed pokladu, s\u00e1zen\u00ed buku (26)\" src=\"http:\/\/zsjarosovnn.cz\/wp-content\/uploads\/2014\/03\/21.11.-2013-Projekt-Stromy-5.-ro\u010dn\u00edk-zakop\u00e1n\u00ed-pokladu-s\u00e1zen\u00ed-buku-26.jpg\" width=\"150\" height=\"94\" \/><\/a><p class=\"wp-caption-text\">Projekt Stromy &#8211; 5. ro\u010dn\u00edk &#8211; zakop\u00e1n\u00ed pokladu, s\u00e1zen\u00ed buku 21.11.2013<\/p><\/div>\n<div id=\"attachment_1466\" class=\"wp-caption alignnone\" style=\"width: 150px\"><a href=\"http:\/\/zsjarosovnn.cz\/?p=1473 \"><img decoding=\"async\" loading=\"lazy\" class=\" wp-image-1466\" alt=\"Ochutn\u00e1vka \u010dokol\u00e1dy - 5. ro\u010dn\u00edk - Informatika (5)\" src=\"http:\/\/zsjarosovnn.cz\/wp-content\/uploads\/2014\/03\/Ochutn\u00e1vka-\u010dokol\u00e1dy-5.-ro\u010dn\u00edk-Informatika-5.jpg\" width=\"150\" height=\"94\" \/><\/a><p class=\"wp-caption-text\">Ochutn\u00e1vka \u010dokol\u00e1dy &#8211; 5. ro\u010dn\u00edk<\/p><\/div>\n<div id=\"attachment_1447\" class=\"wp-caption alignnone\" style=\"width: 150px\"><a href=\"http:\/\/zsjarosovnn.cz\/?p=1459\"><img decoding=\"async\" loading=\"lazy\" class=\" wp-image-1447\" alt=\"Slavnosti slabik\u00e1\u0159e - rodi\u010de - 28.11. 2013 041\" src=\"http:\/\/zsjarosovnn.cz\/wp-content\/uploads\/2014\/03\/Slavnosti-slabik\u00e1\u0159e-rodi\u010de-28.11.-2013-041.jpg\" width=\"150\" height=\"94\" \/><\/a><p class=\"wp-caption-text\">Slavnosti slabik\u00e1\u0159e s rodi\u010di 28.11.2013<\/p><\/div>\n<div id=\"attachment_1400\" class=\"wp-caption alignnone\" style=\"width: 150px\"><a href=\"http:\/\/zsjarosovnn.cz\/?p=1416\"><img decoding=\"async\" loading=\"lazy\" class=\" wp-image-1400\" alt=\"Slavnosti Slabik\u00e1\u0159e - 28.11. 2013 005\" src=\"http:\/\/zsjarosovnn.cz\/wp-content\/uploads\/2014\/03\/Slavnosti-Slabik\u00e1\u0159e-28.11.-2013-005.jpg\" width=\"150\" height=\"94\" \/><\/a><p class=\"wp-caption-text\">Projekt Slavnosti Slabik\u00e1\u0159e 28.11.2013<\/p><\/div>\n<div id=\"attachment_1381\" class=\"wp-caption alignnone\" style=\"width: 150px\"><a href=\"http:\/\/zsjarosovnn.cz\/?p=1393\"><img decoding=\"async\" loading=\"lazy\" class=\" wp-image-1381\" alt=\"V\u00fd\u0161lap na Javo\u0159ici - 19.10. 2013 040\" src=\"http:\/\/zsjarosovnn.cz\/wp-content\/uploads\/2014\/03\/V\u00fd\u0161lap-na-Javo\u0159ici-19.10.-2013-040.jpg\" width=\"150\" height=\"94\" \/><\/a><p class=\"wp-caption-text\">V\u00fd\u0161lap na Javo\u0159ici &#8211; 19.10. 2013<\/p><\/div>\n<div id=\"attachment_1356\" class=\"wp-caption alignnone\" style=\"width: 150px\"><a href=\"http:\/\/zsjarosovnn.cz\/?p=1361\"><img decoding=\"async\" loading=\"lazy\" class=\" wp-image-1356\" alt=\"Cel\u00e9 \u010cesko \u010dte d\u011btem - pan\u00ed Kod\u00fdmov\u00e1 - 7. 10.  2013 015\" src=\"http:\/\/zsjarosovnn.cz\/wp-content\/uploads\/2014\/03\/Cel\u00e9-\u010cesko-\u010dte-d\u011btem-pan\u00ed-Kod\u00fdmov\u00e1-7.-10.-2013-015.jpg\" width=\"150\" height=\"94\" \/><\/a><p class=\"wp-caption-text\">Cel\u00e9 \u010cesko \u010dte d\u011btem &#8211; pan\u00ed Kod\u00fdmov\u00e1 &#8211; 7. 10. 2013<\/p><\/div>\n<div id=\"attachment_1300\" class=\"wp-caption alignnone\" style=\"width: 150px\"><a href=\"http:\/\/zsjarosovnn.cz\/?p=1347\"><img decoding=\"async\" loading=\"lazy\" class=\" wp-image-1300\" alt=\"Cesta chleba - 1. ro\u010d. -  Vespolek - 11. 10. 2013 010\" src=\"http:\/\/zsjarosovnn.cz\/wp-content\/uploads\/2014\/03\/Cesta-chleba-1.-ro\u010d.-Vespolek-11.-10.-2013-010.jpg\" width=\"150\" height=\"94\" \/><\/a><p class=\"wp-caption-text\">Cesta chleba &#8211; 1. ro\u010d. &#8211; Vespolek &#8211; 11. 10. 2013<\/p><\/div>\n<div id=\"attachment_1289\" class=\"wp-caption alignnone\" style=\"width: 150px\"><a href=\"http:\/\/zsjarosovnn.cz\/?p=1294\"><img decoding=\"async\" loading=\"lazy\" class=\" wp-image-1289\" alt=\"\u0160D - Draki\u00e1da - 4.10. 2013 003\" src=\"http:\/\/zsjarosovnn.cz\/wp-content\/uploads\/2014\/03\/\u0160D-Draki\u00e1da-4.10.-2013-003.jpg\" width=\"150\" height=\"94\" \/><\/a><p class=\"wp-caption-text\">\u0160D &#8211; Draki\u00e1da &#8211; 4.10. 2013<\/p><\/div>\n<div id=\"attachment_914\" class=\"wp-caption alignnone\" style=\"width: 150px\"><a href=\"http:\/\/zsjarosovnn.cz\/?p=935\"><img decoding=\"async\" loading=\"lazy\" class=\" wp-image-914\" alt=\"Etiketa stolov\u00e1n\u00ed - 13.9. 2013 031\" src=\"http:\/\/zsjarosovnn.cz\/wp-content\/uploads\/2014\/02\/Etiketa-stolov\u00e1n\u00ed-13.9.-2013-031.jpg\" width=\"150\" height=\"94\" \/><\/a><p class=\"wp-caption-text\">Etiketa stolov\u00e1n\u00ed &#8211; 13.9. 2013<\/p><\/div>\n<div id=\"attachment_874\" class=\"wp-caption alignnone\" style=\"width: 150px\"><a href=\"http:\/\/zsjarosovnn.cz\/?p=894\"><img decoding=\"async\" loading=\"lazy\" class=\" wp-image-874\" alt=\"V\u00fdprava do p\u0159\u00edrody - 6.9. 2013 044\" src=\"http:\/\/zsjarosovnn.cz\/wp-content\/uploads\/2014\/02\/V\u00fdprava-do-p\u0159\u00edrody-6.9.-2013-044.jpg\" width=\"150\" height=\"94\" \/><\/a><p class=\"wp-caption-text\">V\u00fdprava do p\u0159\u00edrody &#8211; 6.9. 2013<\/p><\/div>\n<div id=\"attachment_834\" class=\"wp-caption alignnone\" style=\"width: 150px\"><a href=\"http:\/\/zsjarosovnn.cz\/?p=842\"><img decoding=\"async\" loading=\"lazy\" class=\" wp-image-834\" alt=\"Prvn\u00ed sklize\u0148 obil\u00ed - 4.9. 2013 009\" src=\"http:\/\/zsjarosovnn.cz\/wp-content\/uploads\/2014\/02\/Prvn\u00ed-sklize\u0148-obil\u00ed-4.9.-2013-009.jpg\" width=\"150\" height=\"94\" \/><\/a><p class=\"wp-caption-text\">Prvn\u00ed sklize\u0148 obil\u00ed &#8211; 4.9. 2013<\/p><\/div>\n<div id=\"attachment_806\" class=\"wp-caption alignnone\" style=\"width: 150px\"><a href=\"http:\/\/zsjarosovnn.cz\/?p=774\"><img decoding=\"async\" loading=\"lazy\" class=\" wp-image-806\" alt=\"Slavnostn\u00ed zah\u00e1jen\u00ed \u0161k.roku 2013-2014 047\" src=\"http:\/\/zsjarosovnn.cz\/wp-content\/uploads\/2014\/02\/Slavnostn\u00ed-zah\u00e1jen\u00ed-\u0161k.roku-2013-2014-047.jpg\" width=\"150\" height=\"94\" \/><\/a><p class=\"wp-caption-text\">Slavnostn\u00ed zah\u00e1jen\u00ed \u0161koln\u00edho roku 2.9.2013<\/p><\/div>\n","protected":false},"excerpt":{"rendered":"<p>&nbsp;<\/p>\n","protected":false},"author":2,"featured_media":0,"parent":0,"menu_order":2,"comment_status":"closed","ping_status":"closed","template":"","meta":{"ngg_post_thumbnail":0},"_links":{"self":[{"href":"http:\/\/zsjarosovnn.cz\/index.php?rest_route=\/wp\/v2\/pages\/100"}],"collection":[{"href":"http:\/\/zsjarosovnn.cz\/index.php?rest_route=\/wp\/v2\/pages"}],"about":[{"href":"http:\/\/zsjarosovnn.cz\/index.php?rest_route=\/wp\/v2\/types\/page"}],"author":[{"embeddable":true,"href":"http:\/\/zsjarosovnn.cz\/index.php?rest_route=\/wp\/v2\/users\/2"}],"replies":[{"embeddable":true,"href":"http:\/\/zsjarosovnn.cz\/index.php?rest_route=%2Fwp%2Fv2%2Fcomments&post=100"}],"version-history":[{"count":127,"href":"http:\/\/zsjarosovnn.cz\/index.php?rest_route=\/wp\/v2\/pages\/100\/revisions"}],"predecessor-version":[{"id":28575,"href":"http:\/\/zsjarosovnn.cz\/index.php?rest_route=\/wp\/v2\/pages\/100\/revisions\/28575"}],"wp:attachment":[{"href":"http:\/\/zsjarosovnn.cz\/index.php?rest_route=%2Fwp%2Fv2%2Fmedia&parent=100"}],"curies":[{"name":"wp","href":"https:\/\/api.w.org\/{rel}","templated":true}]}}