{"id":4313,"date":"2014-08-11T15:34:00","date_gmt":"2014-08-11T14:34:00","guid":{"rendered":"http:\/\/zsjarosovnn.cz\/?page_id=4313"},"modified":"2016-12-23T01:02:09","modified_gmt":"2016-12-23T00:02:09","slug":"lesni-den","status":"publish","type":"page","link":"http:\/\/zsjarosovnn.cz\/?page_id=4313","title":{"rendered":"Lesn\u00ed den"},"content":{"rendered":"<p><strong>ZIMA\u00a02016 \/ 2017<\/strong><\/p>\n<p><a href=\"http:\/\/zsjarosovnn.cz\/?p=13537\">Lesn\u00ed den &#8211; Zdoben\u00ed strome\u010dku v lese &#8211; 20. 12. 2016<\/a><\/p>\n<p><a href=\"http:\/\/zsjarosovnn.cz\/?p=13466\">Lesn\u00ed den &#8211; Cesta za opadan\u00fdm mod\u0159\u00ednem &#8211; 13.12. 2016<\/a><\/p>\n<p><a href=\"http:\/\/zsjarosovnn.cz\/?p=13368\">Lesn\u00ed den &#8211; Kr\u00e1lovstv\u00ed mrazu &#8211; 8.12. 2016<\/a><\/p>\n<p>&nbsp;<\/p>\n<p><strong>PODZIM 2016<\/strong><\/p>\n<p><a href=\"http:\/\/zsjarosovnn.cz\/?p=13312\">Lesn\u00ed den &#8211; Cesta za dubov\u00fdm kr\u00e1lem &#8211; 29.11. 2016<\/a><\/p>\n<p><a href=\"http:\/\/zsjarosovnn.cz\/?p=13307\">Lesn\u00ed den &#8211; A je\u0161t\u011b listy &#8211; 24.11. 2016<\/a><\/p>\n<p><a href=\"http:\/\/zsjarosovnn.cz\/?p=13199\">Ledn\u00ed den &#8211; Ledov\u00e9 kr\u00e1lovstv\u00ed &#8211; 15.11. 2016<\/a><\/p>\n<p><a href=\"http:\/\/zsjarosovnn.cz\/?p=13135\">Lesn\u00ed den &#8211; barvy podzimu &#8211; 1.11. 2016<\/a><\/p>\n<p><a href=\"http:\/\/zsjarosovnn.cz\/?p=13115\">Lesn\u00ed den &#8211; Den stromu &#8211; 25.10. 2016<\/a><\/p>\n<p><a href=\"http:\/\/zsjarosovnn.cz\/?p=12807\">Lesn\u00ed den &#8211; V mechu a kaprad\u00ed &#8211; 17.10. 2016<\/a><\/p>\n<p><a href=\"http:\/\/Lesn\u00ed den - Sk\u0159\u00edtci Dub\u00ednci, L\u00edsk\u00e1\u010dci a Javorn\u00ed\u010dci - 11.10. 2016\">Lesn\u00ed den &#8211; Sk\u0159\u00edtci Dub\u00ednci, L\u00edsk\u00e1\u010dci a Javorn\u00ed\u010dci &#8211; 11.10. 2016<\/a><\/p>\n<p><a href=\"http:\/\/zsjarosovnn.cz\/?p=12707\">Lesn\u00ed den &#8211; &#8222;Kapkama se proch\u00e1z\u00edm&#8220; 4.10. 2016<\/a><\/p>\n<p><a href=\"http:\/\/zsjarosovnn.cz\/?p=12675\">Lesn\u00ed den &#8211; B\u0159\u00edza nebo osika &#8211; 27.9. 2016<\/a><\/p>\n<p><a href=\"http:\/\/zsjarosovnn.cz\/?p=12661\">Lesn\u00ed den &#8211; Strni\u0161t\u011b za stodolou &#8211; 20.9. 2016<\/a><\/p>\n<p><a href=\"http:\/\/zsjarosovnn.cz\/?p=12641\">1. lesn\u00ed den &#8211; Pravidla v lese &#8211; 13.9. 2016<\/a><\/p>\n<p>&nbsp;<\/p>\n<p><strong>JARO 2016<\/strong><\/p>\n<p><a href=\"http:\/\/zsjarosovnn.cz\/?p=11804\">Lesn\u00ed den &#8211; Lopuchov\u00fd de\u0161tn\u00edk &#8211; 14. 6. 2016<\/a><\/p>\n<p><a href=\"http:\/\/zsjarosovnn.cz\/?p=11775\">Lesn\u00ed den &#8211; Za \u0161\u00edpkov\u00fdm ke\u0159em &#8211; 7. 6. 2016<\/a><\/p>\n<p><a href=\"http:\/\/zsjarosovnn.cz\/?p=11692\">Lesn\u00ed den &#8211; N\u00e1v\u0161t\u011bva ve ml\u00fdn\u011b &#8211; 25. 5. 2016<\/a><\/p>\n<p><a href=\"http:\/\/zsjarosovnn.cz\/?p=11340\">Lesn\u00ed den &#8211; P\u011bkn\u011b po myslivecku &#8211; 17. 5. 2016<\/a><\/p>\n<p><a href=\"http:\/\/zsjarosovnn.cz\/?p=11316\">Lesn\u00ed den &#8211; Kr\u00e1lovstv\u00ed strom\u016f &#8211; 10. 5. 2016<\/a><\/p>\n<p><a href=\"http:\/\/zsjarosovnn.cz\/?p=11294\">Lesn\u00ed den &#8211; J\u00edrove\u010dk\u016fv den &#8211; 3. 5. 2016<\/a><\/p>\n<p><a href=\"http:\/\/zsjarosovnn.cz\/?p=11211\">Lesn\u00ed den &#8211; P\u0159ehl\u00eddka dravc\u016f &#8211; 26. 4. 2016<\/a><\/p>\n<p><a href=\"http:\/\/zsjarosovnn.cz\/?p=10820\">Lesn\u00ed den &#8211; Jaro se probouz\u00ed &#8211; 5. 4. 2016<\/a><\/p>\n<p>&nbsp;<\/p>\n<p><strong>ZIMA 2016<\/strong><\/p>\n<p><a href=\"http:\/\/zsjarosovnn.cz\/?p=9959\">Lesn\u00ed den &#8211; Hur\u00e1! Zase trochu sn\u011bhu &#8211; 5. 1. 2016<\/a><\/p>\n<p><a href=\"http:\/\/zsjarosovnn.cz\/?p=10227\">Lesn\u00ed den &#8211; Po stop\u00e1ch zv\u011b\u0159e &#8211; 26.1. 2016<\/a><\/p>\n<p><a href=\"http:\/\/zsjarosovnn.cz\/?p=10312\">Lesn\u00ed den &#8211; Landart &#8211; 16. 2. 2016<\/a><\/p>\n<p><a href=\"http:\/\/zsjarosovnn.cz\/?p=10407\">Lesn\u00ed den &#8211; vn\u00edm\u00e1me les v\u00edce smysly &#8211; 23. 2. 2016<\/a><\/p>\n<p><strong>PODZIM 2015<\/strong><\/p>\n<p><strong><a href=\"http:\/\/zsjarosovnn.cz\/wp-content\/uploads\/2014\/08\/Instrukce.pdf\">Instrukce<\/a><\/strong><\/p>\n<p><a href=\"http:\/\/zsjarosovnn.cz\/?p=8757\">Lesn\u00ed den &#8211; Pravidla v lese &#8211; 15. 9. 2015<\/a><\/p>\n<p><a href=\"http:\/\/zsjarosovnn.cz\/?p=8784\">Lesn\u00ed den &#8211; Houba\u0159en\u00ed &#8211; 22. 9. 2015<\/a><\/p>\n<p><a href=\"http:\/\/zsjarosovnn.cz\/?p=8881\">Lesn\u00ed den &#8211; Lesn\u00ed putov\u00e1n\u00ed &#8211; 30. 9. 2015<\/a><\/p>\n<p><a href=\"http:\/\/zsjarosovnn.cz\/?p=9034\">Lesn\u00ed den &#8211; Podzimn\u00ed sb\u00edr\u00e1n\u00ed &#8211; 6. 10. 2015<\/a><\/p>\n<p><a href=\"http:\/\/zsjarosovnn.cz\/?p=9063\">Lesn\u00ed den &#8211; Sb\u00edr\u00e1me na podzimn\u00ed d\u00edlny &#8211; 13. 10. 2015<\/a><\/p>\n<p><a href=\"http:\/\/zsjarosovnn.cz\/?p=9251\">Lesn\u00ed den &#8211; 20. 10. 2015<\/a><\/p>\n<p><a href=\"http:\/\/zsjarosovnn.cz\/?p=9312\">Lesn\u00ed den &#8211; Po stop\u00e1ch zapomenut\u00e9 \u017eelezni\u010dky &#8211; 3.11. 2015<\/a><\/p>\n<p><a href=\"http:\/\/zsjarosovnn.cz\/?p=9437\">Lesn\u00ed den &#8211; zimn\u00ed prom\u011bny &#8211; 24. 11. 2015<\/a><br \/>\n<strong>JARO 2015<\/strong><\/p>\n<p><a href=\"http:\/\/zsjarosovnn.cz\/?p=6750\">1. Lesn\u00ed den &#8211; Jarn\u00ed cesta k Velk\u00e9mu rybn\u00edku &#8211; 7. 4. 2015<\/a><\/p>\n<p><a href=\"http:\/\/zsjarosovnn.cz\/?p=6823\">2. Lesn\u00ed den &#8211; Mraven\u010d\u00ed d\u0159ina &#8211; 14. 4. 2015<\/a><\/p>\n<p><a href=\"http:\/\/zsjarosovnn.cz\/?p=7119\">3. Lesn\u00ed den &#8211; n\u00e1v\u0161t\u011bva ekofarmy v Rodv\u00ednov\u011b &#8211; 21.4. 2015<\/a><\/p>\n<p><a href=\"http:\/\/zsjarosovnn.cz\/?p=7182\">4. Lesn\u00ed den &#8211; dravec na lovu &#8211; 28. 4. 2015<\/a><\/p>\n<p><a href=\"http:\/\/zsjarosovnn.cz\/?p=7318\">5. Lesn\u00ed den &#8211; Pampeli\u0161kov\u00e1 louka &#8211; 5. 5. 2015<\/a><\/p>\n<p><a href=\"http:\/\/zsjarosovnn.cz\/?p=7486\">6. Lesn\u00ed den &#8211; \u0160i\u0161kov\u00fd land art &#8211; 12. 5. 2015<\/a><\/p>\n<p><a href=\"http:\/\/zsjarosovnn.cz\/?p=7782\">7. Lesn\u00ed den &#8211; Od miminka k d\u011bde\u010dkovi &#8211; 25.5. 2015<\/a><\/p>\n<p><a href=\"http:\/\/zsjarosovnn.cz\/?p=8053\">8. Lesn\u00ed den &#8211; Bylinkov\u00fd \u010daj &#8211; 2.6. 2015<\/a><\/p>\n<p>&#8212;&#8212;&#8212;&#8212;&#8212;&#8212;&#8212;&#8212;&#8212;&#8212;&#8212;&#8212;&#8212;&#8212;&#8212;&#8212;&#8212;&#8212;&#8212;&#8212;&#8212;&#8212;&#8212;&#8212;&#8212;&#8212;&#8212;&#8212;&#8212;&#8212;&#8212;&#8212;&#8212;&#8212;&#8212;&#8212;&#8212;&#8212;&#8212;&#8212;&#8212;&#8212;&#8212;&#8212;&#8212;&#8212;&#8212;&#8212;&#8212;&#8212;&#8212;&#8212;&#8212;&#8212;&#8212;&#8212;&#8212;&#8212;&#8212;&#8212;&#8212;&#8212;&#8212;&#8212;&#8212;&#8212;&#8212;&#8212;&#8212;&#8212;&#8212;&#8212;<br \/>\n<strong>\u00a0PODZIM 2014<\/strong><\/p>\n<p style=\"text-align: justify;\"><strong>Pilotn\u00ed projekt &#8211; LESN\u00cd DEN V M\u0160<\/strong><\/p>\n<p style=\"text-align: justify;\">V\u00a0pr\u016fb\u011bhu m\u011bs\u00edce z\u00e1\u0159\u00ed a \u0159\u00edjen 2014 bude za\u0159azen pro d\u011bti, kter\u00e9 zvl\u00e1dnou uj\u00edt del\u0161\u00ed trasu, projekt Lesn\u00ed den. Ka\u017ed\u00e9 \u00fater\u00fd se budeme sna\u017eit d\u011btem poskytnou co nejdel\u0161\u00ed pobyt v\u00a0p\u0159\u00edrod\u011b. Inspirujeme se \u00a0principem fungov\u00e1n\u00ed lesn\u00edch \u0161kolek, s\u00a0d\u011btmi tedy budeme vych\u00e1zet do p\u0159\u00edrody za ka\u017ed\u00e9ho po\u010das\u00ed.<\/p>\n<p style=\"text-align: justify;\">Vyu\u017eijeme je\u0161t\u011b posledn\u00ed rostliny a budeme se je u\u010dit pozn\u00e1vat podle atlasu rostlin. Budeme si pov\u00eddat o\u00a0l\u00e9\u010div\u00fdch bylink\u00e1ch, ukazovat si, jak vypadaj\u00ed a uva\u0159\u00edme si bylinkov\u00fd \u010daj. Tak\u00e9 les n\u00e1m na podzim jist\u011b nab\u00eddne spoustu zaj\u00edmav\u00fdch podn\u011bt\u016f a poznatk\u016f. Budeme pozorovat pt\u00e1ky a lesn\u00ed zv\u00ed\u0159\u00e1tka, pozn\u00e1vat stromy\u00a0\u2013 u\u010dit se je rozezn\u00e1vat a d\u011blit na listnat\u00e9 a jehli\u010dnat\u00e9. Tak\u00e9 nahl\u00e9dneme do sv\u011bta hub, nau\u010d\u00edme se n\u011bkter\u00e9 ur\u010dovat. B\u011bhem jednoho z\u00a0na\u0161ich lesn\u00edch dn\u00ed se chyst\u00e1me nav\u0161t\u00edvit ekofarmu v\u00a0Rodv\u00ednov\u011b .<\/p>\n<p style=\"text-align: justify;\">Podzimn\u00ed zoran\u00e1 pole vyu\u017eijeme na ch\u016fzi v\u00a0ter\u00e9nu a zkus\u00edme se vr\u00e1tit do star\u00fdch \u010das\u016f, kdy si d\u011bti op\u00e9kaly brambory a byla to pro n\u011b obrovsk\u00e1 pochoutka. Neopomeneme ani \u017eivot vodn\u00ed \u0159\u00ed\u0161e v\u00a0bl\u00edzkosti rybn\u00edk\u016f v\u00a0na\u0161em okol\u00ed. Budeme pozorovat, kter\u00e9<\/p>\n<p style=\"text-align: justify;\"><span style=\"color: #800080;\">\u00a0<\/span><\/p>\n<p style=\"text-align: justify;\"><a href=\"http:\/\/zsjarosovnn.cz\/?p=4564\"><span style=\"color: #008000;\">1. LESN\u00cd DEN &#8211; SB\u00cdR\u00c1N\u00cd PLOD\u016e PODZIMU<\/span><\/a><\/p>\n<p style=\"text-align: justify;\"><a href=\"http:\/\/zsjarosovnn.cz\/?p=4596\">2. LESN\u00cd DEN &#8211; ROZMARY PODZIMN\u00cdHO PO\u010cAS\u00cd<\/a><\/p>\n<p style=\"text-align: justify;\"><a href=\"http:\/\/zsjarosovnn.cz\/?p=4655\">3. LESN\u00cd DEN &#8211; N\u00c1V\u0160T\u011aVA EKOFARMY V RODV\u00cdNOV\u011a<\/a><\/p>\n<p style=\"text-align: justify;\"><a href=\"http:\/\/zsjarosovnn.cz\/?p=4793\">4. LESN\u00cd DEN &#8211; RUCE STROMU<\/a><\/p>\n<p style=\"text-align: justify;\"><a href=\"http:\/\/zsjarosovnn.cz\/?p=4871\">5. LESN\u00cd DEN &#8211; VN\u00cdM\u00c1ME LES V\u0160EMI SMYSLY<\/a><\/p>\n<p style=\"text-align: justify;\"><a href=\"http:\/\/zsjarosovnn.cz\/?p=4955\">6. LESN\u00cd DEN &#8211; PODZIMN\u00cd \u010cAROV\u00c1N\u00cd<\/a><\/p>\n<p style=\"text-align: justify;\"><span id=\"sample-permalink\" tabindex=\"-1\"><a href=\"http:\/\/zsjarosovnn.cz\/?p=4997\">7. LESN\u00cd DEN &#8211; MYSLIVECK\u00c9 PUTOV\u00c1N\u00cd<\/a><br \/>\n<\/span><\/p>\n<p style=\"text-align: justify;\"><a href=\"http:\/\/zsjarosovnn.cz\/?p=5192\">8. LESN\u00cd DEN &#8211; PODZIMN\u00cd PROM\u011aNY<\/a><\/p>\n","protected":false},"excerpt":{"rendered":"<p>ZIMA\u00a02016 \/ 2017 Lesn\u00ed den &#8211; Zdoben\u00ed strome\u010dku v lese &#8211; 20. 12. 2016 Lesn\u00ed den &#8211; Cesta za opadan\u00fdm mod\u0159\u00ednem &#8211; 13.12. 2016 Lesn\u00ed den &#8211; Kr\u00e1lovstv\u00ed mrazu &#8211; 8.12. 2016 &nbsp; PODZIM 2016 Lesn\u00ed den &#8211; Cesta za dubov\u00fdm kr\u00e1lem &#8211; 29.11. 2016 Lesn\u00ed den &#8211; A je\u0161t\u011b listy &#8211; 24.11. 2016 Ledn\u00ed<span class=\"more-excerpt\"><a class=\"more-excerpt-link\" href=\"http:\/\/zsjarosovnn.cz\/?page_id=4313\"> (continue reading&#8230;)  <\/a><\/span><\/p>\n","protected":false},"author":2,"featured_media":0,"parent":0,"menu_order":0,"comment_status":"closed","ping_status":"closed","template":"","meta":{"ngg_post_thumbnail":0},"_links":{"self":[{"href":"http:\/\/zsjarosovnn.cz\/index.php?rest_route=\/wp\/v2\/pages\/4313"}],"collection":[{"href":"http:\/\/zsjarosovnn.cz\/index.php?rest_route=\/wp\/v2\/pages"}],"about":[{"href":"http:\/\/zsjarosovnn.cz\/index.php?rest_route=\/wp\/v2\/types\/page"}],"author":[{"embeddable":true,"href":"http:\/\/zsjarosovnn.cz\/index.php?rest_route=\/wp\/v2\/users\/2"}],"replies":[{"embeddable":true,"href":"http:\/\/zsjarosovnn.cz\/index.php?rest_route=%2Fwp%2Fv2%2Fcomments&post=4313"}],"version-history":[{"count":60,"href":"http:\/\/zsjarosovnn.cz\/index.php?rest_route=\/wp\/v2\/pages\/4313\/revisions"}],"predecessor-version":[{"id":13596,"href":"http:\/\/zsjarosovnn.cz\/index.php?rest_route=\/wp\/v2\/pages\/4313\/revisions\/13596"}],"wp:attachment":[{"href":"http:\/\/zsjarosovnn.cz\/index.php?rest_route=%2Fwp%2Fv2%2Fmedia&parent=4313"}],"curies":[{"name":"wp","href":"https:\/\/api.w.org\/{rel}","templated":true}]}}