{"id":8505,"date":"2015-08-25T21:24:44","date_gmt":"2015-08-25T20:24:44","guid":{"rendered":"http:\/\/zsjarosovnn.cz\/?page_id=8505"},"modified":"2019-09-25T21:58:37","modified_gmt":"2019-09-25T20:58:37","slug":"fotogalerie-ms-2014-2015","status":"publish","type":"page","link":"http:\/\/zsjarosovnn.cz\/?page_id=8505","title":{"rendered":"Fotogalerie 2014\/2015"},"content":{"rendered":"<div class=\"wp-caption alignnone\" style=\"width: 150px\"><img decoding=\"async\" loading=\"lazy\" style=\"background: url('http:\/\/zsjarosovnn.cz\/wp-content\/plugins\/bmo-expo\/css\/imgs\/ajax-loader.gif') no-repeat center; margin: 0px; padding: 0px; border: 0px currentColor; left: auto; top: auto; width: auto; height: auto; text-align: left; right: auto; bottom: auto; line-height: 16px; overflow: auto; clear: none; vertical-align: middle; float: none; display: inline; white-space: normal; position: relative; z-index: auto; min-height: 0px; max-height: 96%; min-width: 0px; max-width: 96%;\" title=\"OLYMPUS DIGITAL CAMERA\" src=\"http:\/\/zsjarosovnn.cz\/wp-content\/uploads\/2015\/06\/Sb\u011br-pap\u00edru-5-150x150.jpg\" alt=\"OLYMPUS DIGITAL CAMERA\" width=\"150\" height=\"150\" \/><p class=\"wp-caption-text\">Sb\u011br pap\u00edru a l\u00e9\u010div\u00fdch rostlin &#8211; 26.6. 2015<\/p><\/div>\n<div class=\"wp-caption alignnone\" style=\"width: 150px\"><a href=\"http:\/\/zsjarosovnn.cz\/?p=8284\"><img decoding=\"async\" loading=\"lazy\" style=\"background: url('http:\/\/zsjarosovnn.cz\/wp-content\/plugins\/bmo-expo\/css\/imgs\/ajax-loader.gif') no-repeat center; margin: 0px; padding: 0px; border: 0px currentColor; left: auto; top: auto; width: auto; height: auto; text-align: left; right: auto; bottom: auto; line-height: 16px; overflow: auto; clear: none; vertical-align: middle; float: none; display: inline; white-space: normal; position: relative; z-index: auto; min-height: 0px; max-height: 96%; min-width: 0px; max-width: 96%;\" title=\"OLYMPUS DIGITAL CAMERA\" src=\"http:\/\/zsjarosovnn.cz\/wp-content\/uploads\/2015\/06\/Rozlou\u010den\u00ed-s-p\u00e1\u0165\u00e1ky-26.6.-2015-012-150x150.jpg\" alt=\"OLYMPUS DIGITAL CAMERA\" width=\"150\" height=\"150\" \/><\/a><p class=\"wp-caption-text\">Z\u0160 &#8211; Rozlou\u010den\u00ed s p\u00e1\u0165\u00e1ky &#8211; 26.6. 2015<\/p><\/div>\n<div class=\"wp-caption alignnone\" style=\"width: 150px\"><a href=\"http:\/\/zsjarosovnn.cz\/?p=8266\"><img decoding=\"async\" loading=\"lazy\" style=\"background: url('http:\/\/zsjarosovnn.cz\/wp-content\/plugins\/bmo-expo\/css\/imgs\/ajax-loader.gif') no-repeat center; margin: 0px; padding: 0px; border: 0px currentColor; left: auto; top: auto; width: auto; height: auto; text-align: left; right: auto; bottom: auto; line-height: 16px; overflow: auto; clear: none; vertical-align: middle; float: none; display: inline; white-space: normal; position: relative; z-index: auto; min-height: 0px; max-height: 96%; min-width: 0px; max-width: 96%;\" src=\"http:\/\/zsjarosovnn.cz\/wp-content\/uploads\/2015\/06\/V\u00fdprava-do-p\u0159\u00edrody-25.6.-2015-010-150x150.jpg\" alt=\"V\u00fdprava do p\u0159\u00edrody - 25.6. 2015 010\" width=\"150\" height=\"150\" \/><\/a><p class=\"wp-caption-text\">Z\u0160 &#8211; V\u00fdprava do p\u0159\u00edrody &#8211; 25.6. 2015<\/p><\/div>\n<div class=\"wp-caption alignnone\" style=\"width: 150px\"><a href=\"http:\/\/zsjarosovnn.cz\/?p=8252\"><img decoding=\"async\" loading=\"lazy\" style=\"background: url('http:\/\/zsjarosovnn.cz\/wp-content\/plugins\/bmo-expo\/css\/imgs\/ajax-loader.gif') no-repeat center; margin: 0px; padding: 0px; border: 0px currentColor; left: auto; top: auto; width: auto; height: auto; text-align: left; right: auto; bottom: auto; line-height: 16px; overflow: auto; clear: none; vertical-align: middle; float: none; display: inline; white-space: normal; position: relative; z-index: auto; min-height: 0px; max-height: 96%; min-width: 0px; max-width: 96%;\" src=\"http:\/\/zsjarosovnn.cz\/wp-content\/uploads\/2015\/06\/\u010cerven-na-\u0161koln\u00ed-zahrad\u011b-3.-a-4.-ro\u010dn\u00edk-2-150x150.jpg\" alt=\"\u010cerven na \u0161koln\u00ed zahrad\u011b - 3. a 4.- ro\u010dn\u00edk (2)\" width=\"150\" height=\"150\" \/><\/a><p class=\"wp-caption-text\">Posledn\u00ed dny \u0161koln\u00edho roku na na\u0161\u00ed zahrad\u011b &#8211; 3. a 4. ro\u010dn\u00edk<\/p><\/div>\n<div class=\"wp-caption alignnone\" style=\"width: 150px\"><a href=\"http:\/\/zsjarosovnn.cz\/?p=8176\"><img decoding=\"async\" loading=\"lazy\" style=\"background: url('http:\/\/zsjarosovnn.cz\/wp-content\/plugins\/bmo-expo\/css\/imgs\/ajax-loader.gif') no-repeat center; margin: 0px; padding: 0px; border: 0px currentColor; left: auto; top: auto; width: auto; height: auto; text-align: left; right: auto; bottom: auto; line-height: 16px; overflow: auto; clear: none; vertical-align: middle; float: none; display: inline; white-space: normal; position: relative; z-index: auto; min-height: 0px; max-height: 96%; min-width: 0px; max-width: 96%;\" title=\"OLYMPUS DIGITAL CAMERA\" src=\"http:\/\/zsjarosovnn.cz\/wp-content\/uploads\/2015\/06\/Potk\u00e1v\u00e1n\u00ed-v-Lodh\u00e9\u0159ov\u011b-23.6.-2015-029-150x150.jpg\" alt=\"OLYMPUS DIGITAL CAMERA\" width=\"150\" height=\"150\" \/><\/a><p class=\"wp-caption-text\">Lodh\u00e9\u0159ov &#8211; setk\u00e1n\u00ed malot\u0159\u00eddn\u00edch \u0161kol &#8211; 23.6. 2015<\/p><\/div>\n<div class=\"wp-caption alignnone\" style=\"width: 150px\"><a href=\"http:\/\/zsjarosovnn.cz\/?p=7975\"><img decoding=\"async\" loading=\"lazy\" style=\"background: url('http:\/\/zsjarosovnn.cz\/wp-content\/plugins\/bmo-expo\/css\/imgs\/ajax-loader.gif') no-repeat center; margin: 0px; padding: 0px; border: 0px currentColor; left: auto; top: auto; width: auto; height: auto; text-align: left; right: auto; bottom: auto; line-height: 16px; overflow: auto; clear: none; vertical-align: middle; float: none; display: inline; white-space: normal; position: relative; z-index: auto; min-height: 0px; max-height: 96%; min-width: 0px; max-width: 96%;\" src=\"http:\/\/zsjarosovnn.cz\/wp-content\/uploads\/2015\/06\/Atletick\u00fd-trojboj-5-150x150.jpg\" alt=\"Atletick\u00fd trojboj 5\" width=\"150\" height=\"150\" \/><\/a><p class=\"wp-caption-text\">Atletick\u00fd trojboj &#8211; Jind\u0159ich\u016fv Hradec &#8211; 9.6. 2015<\/p><\/div>\n<div class=\"wp-caption alignnone\" style=\"width: 150px\"><a href=\"http:\/\/zsjarosovnn.cz\/?p=7957\"><img decoding=\"async\" loading=\"lazy\" style=\"background: url('http:\/\/zsjarosovnn.cz\/wp-content\/plugins\/bmo-expo\/css\/imgs\/ajax-loader.gif') no-repeat center; margin: 0px; padding: 0px; border: 0px currentColor; left: auto; top: auto; width: auto; height: auto; text-align: left; right: auto; bottom: auto; line-height: 16px; overflow: auto; clear: none; vertical-align: middle; float: none; display: inline; white-space: normal; position: relative; z-index: auto; min-height: 0px; max-height: 96%; min-width: 0px; max-width: 96%;\" src=\"http:\/\/zsjarosovnn.cz\/wp-content\/uploads\/2015\/06\/program-Les-1.-ro\u010dn\u00edk-15.6.-2015-019-150x150.jpg\" alt=\"program Les - 1. ro\u010dn\u00edk - 15.6. 2015 019\" width=\"150\" height=\"150\" \/><\/a><p class=\"wp-caption-text\">Environment\u00e1ln\u00ed program &#8222;Les&#8220; &#8211; 1. ro\u010dn\u00edk &#8211; 15.6. 2015<\/p><\/div>\n<div class=\"wp-caption alignnone\" style=\"width: 150px\"><a href=\"http:\/\/zsjarosovnn.cz\/?p=7949\"><img decoding=\"async\" loading=\"lazy\" style=\"background: url('http:\/\/zsjarosovnn.cz\/wp-content\/plugins\/bmo-expo\/css\/imgs\/ajax-loader.gif') no-repeat center; margin: 0px; padding: 0px; border: 0px currentColor; left: auto; top: auto; width: auto; height: auto; text-align: left; right: auto; bottom: auto; line-height: 16px; overflow: auto; clear: none; vertical-align: middle; float: none; display: inline; white-space: normal; position: relative; z-index: auto; min-height: 0px; max-height: 96%; min-width: 0px; max-width: 96%;\" src=\"http:\/\/zsjarosovnn.cz\/wp-content\/uploads\/2015\/06\/Sb\u00edr\u00e1me-l\u00e9\u010div\u00e9-rostliny-3.-a-4.-ro\u010dn\u00edk-12..6.-2015-5-150x150.jpg\" alt=\"Sb\u00edr\u00e1me l\u00e9\u010div\u00e9 rostliny - 3. a 4. ro\u010dn\u00edk - 12..6. 2015 (5)\" width=\"150\" height=\"150\" \/><\/a><p class=\"wp-caption-text\">Sb\u00edr\u00e1me l\u00e9\u010div\u00e9 rostliny &#8211; 3. a 4. ro\u010dn\u00edk &#8211; 12.6. 2015<\/p><\/div>\n<div class=\"wp-caption alignnone\" style=\"width: 150px\"><a href=\"http:\/\/zsjarosovnn.cz\/?p=7916\"><img decoding=\"async\" loading=\"lazy\" style=\"background: url('http:\/\/zsjarosovnn.cz\/wp-content\/plugins\/bmo-expo\/css\/imgs\/ajax-loader.gif') no-repeat center; margin: 0px; padding: 0px; border: 0px currentColor; left: auto; top: auto; width: auto; height: auto; text-align: left; right: auto; bottom: auto; line-height: 16px; overflow: auto; clear: none; vertical-align: middle; float: none; display: inline; white-space: normal; position: relative; z-index: auto; min-height: 0px; max-height: 96%; min-width: 0px; max-width: 96%;\" title=\"OLYMPUS DIGITAL CAMERA\" src=\"http:\/\/zsjarosovnn.cz\/wp-content\/uploads\/2015\/06\/Star\u00e9-M\u011bsto-pod-Land\u0161tejnem-sout\u011b\u017e-malot\u0159\u00eddn\u00edch-\u0161kol-9.6.-20-028-16-150x150.jpg\" alt=\"OLYMPUS DIGITAL CAMERA\" width=\"150\" height=\"150\" \/><\/a><p class=\"wp-caption-text\">Star\u00e9 M\u011bsto &#8211; sout\u011b\u017e malot\u0159\u00eddn\u00edch \u0161kol &#8211; 9.6. 2015<\/p><\/div>\n<div class=\"wp-caption alignnone\" style=\"width: 150px\"><a href=\"http:\/\/zsjarosovnn.cz\/?p=7881\"><img decoding=\"async\" loading=\"lazy\" style=\"background: url('http:\/\/zsjarosovnn.cz\/wp-content\/plugins\/bmo-expo\/css\/imgs\/ajax-loader.gif') no-repeat center; margin: 0px; padding: 0px; border: 0px currentColor; left: auto; top: auto; width: auto; height: auto; text-align: left; right: auto; bottom: auto; line-height: 16px; overflow: auto; clear: none; vertical-align: middle; float: none; display: inline; white-space: normal; position: relative; z-index: auto; min-height: 0px; max-height: 96%; min-width: 0px; max-width: 96%;\" src=\"http:\/\/zsjarosovnn.cz\/wp-content\/uploads\/2015\/06\/program-Rybn\u00edk-potok-2.-a-3.-ro\u010dn\u00edk-9.6.-2015-022-150x150.jpg\" alt=\"program Rybn\u00edk, potok - 2. a 3. ro\u010dn\u00edk - 9.6. 2015 022\" width=\"150\" height=\"150\" \/><\/a><p class=\"wp-caption-text\">&#8222;Rybn\u00edk, potok&#8220; &#8211; 2. a 3. ro\u010dn\u00edk &#8211; 9.6. 2015<\/p><\/div>\n<div class=\"wp-caption alignnone\" style=\"width: 150px\"><a href=\"http:\/\/zsjarosovnn.cz\/?p=7864\"><img decoding=\"async\" loading=\"lazy\" style=\"background: url('http:\/\/zsjarosovnn.cz\/wp-content\/plugins\/bmo-expo\/css\/imgs\/ajax-loader.gif') no-repeat center; margin: 0px; padding: 0px; border: 0px currentColor; left: auto; top: auto; width: auto; height: auto; text-align: left; right: auto; bottom: auto; line-height: 16px; overflow: auto; clear: none; vertical-align: middle; float: none; display: inline; white-space: normal; position: relative; z-index: auto; min-height: 0px; max-height: 96%; min-width: 0px; max-width: 96%;\" title=\"OLYMPUS DIGITAL CAMERA\" src=\"http:\/\/zsjarosovnn.cz\/wp-content\/uploads\/2015\/06\/projekt-Kam-pat\u0159\u00edm-012-150x150.jpg\" alt=\"OLYMPUS DIGITAL CAMERA\" width=\"150\" height=\"150\" \/><\/a><p class=\"wp-caption-text\">&#8222;Kam pat\u0159\u00edm&#8220; &#8211; \u010cesk\u00e9 Bud\u011bjovice &#8211; 5.6. 2015<\/p><\/div>\n<div class=\"wp-caption alignnone\" style=\"width: 150px\"><a href=\"http:\/\/zsjarosovnn.cz\/?p=7838\"><img decoding=\"async\" loading=\"lazy\" style=\"background: url('http:\/\/zsjarosovnn.cz\/wp-content\/plugins\/bmo-expo\/css\/imgs\/ajax-loader.gif') no-repeat center; margin: 0px; padding: 0px; border: 0px currentColor; left: auto; top: auto; width: auto; height: auto; text-align: left; right: auto; bottom: auto; line-height: 16px; overflow: auto; clear: none; vertical-align: middle; float: none; display: inline; white-space: normal; position: relative; z-index: auto; min-height: 0px; max-height: 96%; min-width: 0px; max-width: 96%;\" title=\"OLYMPUS DIGITAL CAMERA\" src=\"http:\/\/zsjarosovnn.cz\/wp-content\/uploads\/2015\/06\/Dramatick\u00fd-krou\u017eek-vystoupen\u00ed-v-Pravdov\u011b-knihovn\u011b-3.6.-2015-40-150x150.jpg\" alt=\"OLYMPUS DIGITAL CAMERA\" width=\"150\" height=\"150\" \/><\/a><p class=\"wp-caption-text\">Dramatick\u00fd krou\u017eek &#8211; vystoupen\u00ed &#8211; 3.6. 2015<\/p><\/div>\n<div class=\"wp-caption alignnone\" style=\"width: 150px\"><a href=\"http:\/\/zsjarosovnn.cz\/?p=7749\"><img decoding=\"async\" loading=\"lazy\" style=\"background: url('http:\/\/zsjarosovnn.cz\/wp-content\/plugins\/bmo-expo\/css\/imgs\/ajax-loader.gif') no-repeat center; margin: 0px; padding: 0px; border: 0px currentColor; left: auto; top: auto; width: auto; height: auto; text-align: left; right: auto; bottom: auto; line-height: 16px; overflow: auto; clear: none; vertical-align: middle; float: none; display: inline; white-space: normal; position: relative; z-index: auto; min-height: 0px; max-height: 96%; min-width: 0px; max-width: 96%;\" src=\"http:\/\/zsjarosovnn.cz\/wp-content\/uploads\/2015\/05\/V\u00fduka-na-\u0161koln\u00ed-zahrad\u011b-kv\u011bten-2015-4-150x150.jpg\" alt=\"V\u00fduka na \u0161koln\u00ed zahrad\u011b - kv\u011bten 2015 (4)\" width=\"150\" height=\"150\" \/><\/a><p class=\"wp-caption-text\">V\u00fduka na \u0161koln\u00ed zahrad\u011b &#8211; kv\u011bten 2015<\/p><\/div>\n<div class=\"wp-caption alignnone\" style=\"width: 150px\"><a href=\"http:\/\/zsjarosovnn.cz\/?p=7696\"><img decoding=\"async\" loading=\"lazy\" style=\"background: url('http:\/\/zsjarosovnn.cz\/wp-content\/plugins\/bmo-expo\/css\/imgs\/ajax-loader.gif') no-repeat center; margin: 0px; padding: 0px; border: 0px currentColor; left: auto; top: auto; width: auto; height: auto; text-align: left; right: auto; bottom: auto; line-height: 16px; overflow: auto; clear: none; vertical-align: middle; float: none; display: inline; white-space: normal; position: relative; z-index: auto; min-height: 0px; max-height: 96%; min-width: 0px; max-width: 96%;\" src=\"http:\/\/zsjarosovnn.cz\/wp-content\/uploads\/2015\/05\/OVOV-T\u00e1bor-28.5.-2015-055-150x150.jpg\" alt=\"OVOV T\u00e1bor - 28.5. 2015 055\" width=\"150\" height=\"150\" \/><\/a><p class=\"wp-caption-text\">Krajsk\u00e9 kolo OVOV &#8211; T\u00e1bor &#8211; 28.5. 2015<\/p><\/div>\n<div class=\"wp-caption alignnone\" style=\"width: 150px\"><a href=\"http:\/\/zsjarosovnn.cz\/?p=7614\"><img decoding=\"async\" loading=\"lazy\" style=\"background: url('http:\/\/zsjarosovnn.cz\/wp-content\/plugins\/bmo-expo\/css\/imgs\/ajax-loader.gif') no-repeat center; margin: 0px; padding: 0px; border: 0px currentColor; left: auto; top: auto; width: auto; height: auto; text-align: left; right: auto; bottom: auto; line-height: 16px; overflow: auto; clear: none; vertical-align: middle; float: none; display: inline; white-space: normal; position: relative; z-index: auto; min-height: 0px; max-height: 96%; min-width: 0px; max-width: 96%;\" title=\"OLYMPUS DIGITAL CAMERA\" src=\"http:\/\/zsjarosovnn.cz\/wp-content\/uploads\/2015\/05\/Den-d\u011bt\u00ed-v-\u017di\u017ekov\u00fdch-kas\u00e1rn\u00e1ch-28.5.-2015-0061-150x150.jpg\" alt=\"OLYMPUS DIGITAL CAMERA\" width=\"150\" height=\"150\" \/><\/a><p class=\"wp-caption-text\">v \u017di\u017ekov\u00fdch kas\u00e1rn\u00e1ch &#8211; 28.5. 2015<\/p><\/div>\n<div class=\"wp-caption alignnone\" style=\"width: 150px\"><a href=\"http:\/\/zsjarosovnn.cz\/?p=7477\"><img decoding=\"async\" loading=\"lazy\" style=\"background: url('http:\/\/zsjarosovnn.cz\/wp-content\/plugins\/bmo-expo\/css\/imgs\/ajax-loader.gif') no-repeat center; margin: 0px; padding: 0px; border: 0px currentColor; left: auto; top: auto; width: auto; height: auto; text-align: left; right: auto; bottom: auto; line-height: 16px; overflow: auto; clear: none; vertical-align: middle; float: none; display: inline; white-space: normal; position: relative; z-index: auto; min-height: 0px; max-height: 96%; min-width: 0px; max-width: 96%;\" src=\"http:\/\/zsjarosovnn.cz\/wp-content\/uploads\/2015\/05\/20150511_143151-150x150.jpg\" alt=\"20150511_143151\" width=\"150\" height=\"150\" \/><\/a><p class=\"wp-caption-text\">V\u00fdtvarn\u00fd krou\u017eek &#8211; kv\u011bten 2015<\/p><\/div>\n<div class=\"wp-caption alignnone\" style=\"width: 150px\"><a href=\"http:\/\/zsjarosovnn.cz\/?p=7440\"><img decoding=\"async\" loading=\"lazy\" style=\"background: url('http:\/\/zsjarosovnn.cz\/wp-content\/plugins\/bmo-expo\/css\/imgs\/ajax-loader.gif') no-repeat center; margin: 0px; padding: 0px; border: 0px currentColor; left: auto; top: auto; width: auto; height: auto; text-align: left; right: auto; bottom: auto; line-height: 16px; overflow: auto; clear: none; vertical-align: middle; float: none; display: inline; white-space: normal; position: relative; z-index: auto; min-height: 0px; max-height: 96%; min-width: 0px; max-width: 96%;\" src=\"http:\/\/zsjarosovnn.cz\/wp-content\/uploads\/2015\/05\/V\u00edt\u00e1n\u00ed-ob\u010d\u00e1nk\u016f-15.5.-2015-016-150x150.jpg\" alt=\"V\u00edt\u00e1n\u00ed ob\u010d\u00e1nk\u016f - 15.5. 2015 016\" width=\"150\" height=\"150\" \/><\/a><p class=\"wp-caption-text\">Z\u0160 a M\u0160 V\u00edt\u00e1n\u00ed ob\u010d\u00e1nk\u016f &#8211; 15.5. 2015<\/p><\/div>\n<div class=\"wp-caption alignnone\" style=\"width: 150px\"><a href=\"http:\/\/zsjarosovnn.cz\/?p=7402\"><img decoding=\"async\" loading=\"lazy\" style=\"background: url('http:\/\/zsjarosovnn.cz\/wp-content\/plugins\/bmo-expo\/css\/imgs\/ajax-loader.gif') no-repeat center; margin: 0px; padding: 0px; border: 0px currentColor; left: auto; top: auto; width: auto; height: auto; text-align: left; right: auto; bottom: auto; line-height: 16px; overflow: auto; clear: none; vertical-align: middle; float: none; display: inline; white-space: normal; position: relative; z-index: auto; min-height: 0px; max-height: 96%; min-width: 0px; max-width: 96%;\" src=\"http:\/\/zsjarosovnn.cz\/wp-content\/uploads\/2015\/05\/Z\u0160-Ole\u0161nick\u00fd-l\u00edstek-15.5.-2015-007-150x150.jpg\" alt=\"Z\u0160 Ole\u0161nick\u00fd l\u00edstek - 15.5. 2015 007\" width=\"150\" height=\"150\" \/><\/a><p class=\"wp-caption-text\">Sout\u011b\u017e Ole\u0161nick\u00fd l\u00edstek &#8211; 15.5. 2015<\/p><\/div>\n<div class=\"wp-caption alignnone\" style=\"width: 150px\"><a href=\"http:\/\/zsjarosovnn.cz\/?p=7399\"><img decoding=\"async\" loading=\"lazy\" style=\"background: url('http:\/\/zsjarosovnn.cz\/wp-content\/plugins\/bmo-expo\/css\/imgs\/ajax-loader.gif') no-repeat center; margin: 0px; padding: 0px; border: 0px currentColor; left: auto; top: auto; width: auto; height: auto; text-align: left; right: auto; bottom: auto; line-height: 16px; overflow: auto; clear: none; vertical-align: middle; float: none; display: inline; white-space: normal; position: relative; z-index: auto; min-height: 0px; max-height: 96%; min-width: 0px; max-width: 96%;\" src=\"http:\/\/zsjarosovnn.cz\/wp-content\/uploads\/2015\/05\/N\u00e1v\u0161t\u011bva-ZU\u0160-13.5.-2015-073-150x150.jpg\" alt=\"OLYMPUS DIGITAL CAMERA\" width=\"150\" height=\"150\" \/><\/a><p class=\"wp-caption-text\">ZU\u0160 V. Nov\u00e1ka Jind\u0159ich\u016fv Hradec &#8211; 13.5. 2015<\/p><\/div>\n<div class=\"wp-caption alignnone\" style=\"width: 150px\"><a href=\"http:\/\/zsjarosovnn.cz\/?p=7293\"><img decoding=\"async\" loading=\"lazy\" style=\"background: url('http:\/\/zsjarosovnn.cz\/wp-content\/plugins\/bmo-expo\/css\/imgs\/ajax-loader.gif') no-repeat center; margin: 0px; padding: 0px; border: 0px currentColor; left: auto; top: auto; width: auto; height: auto; text-align: left; right: auto; bottom: auto; line-height: 16px; overflow: auto; clear: none; vertical-align: middle; float: none; display: inline; white-space: normal; position: relative; z-index: auto; min-height: 0px; max-height: 96%; min-width: 0px; max-width: 96%;\" src=\"http:\/\/zsjarosovnn.cz\/wp-content\/uploads\/2015\/05\/20150511_141307-150x150.jpg\" alt=\"20150511_141307\" width=\"150\" height=\"150\" \/><\/a><p class=\"wp-caption-text\">Turnaj ve vyb\u00edjen\u00e9 &#8211; okresn\u00ed kolo &#8211; 11.5. 2015<\/p><\/div>\n<div class=\"wp-caption alignnone\" style=\"width: 150px\"><a href=\"http:\/\/zsjarosovnn.cz\/?p=7261\"><img decoding=\"async\" loading=\"lazy\" style=\"background: url('http:\/\/zsjarosovnn.cz\/wp-content\/plugins\/bmo-expo\/css\/imgs\/ajax-loader.gif') no-repeat center; margin: 0px; padding: 0px; border: 0px currentColor; left: auto; top: auto; width: auto; height: auto; text-align: left; right: auto; bottom: auto; line-height: 16px; overflow: auto; clear: none; vertical-align: middle; float: none; display: inline; white-space: normal; position: relative; z-index: auto; min-height: 0px; max-height: 96%; min-width: 0px; max-width: 96%;\" src=\"http:\/\/zsjarosovnn.cz\/wp-content\/uploads\/2015\/05\/P1010062-150x150.jpg\" alt=\"OLYMPUS DIGITAL CAMERA\" width=\"150\" height=\"150\" \/><\/a><p class=\"wp-caption-text\">OVOV &#8211; okresn\u00ed kolo v Jind\u0159. Hradci &#8211; 7.5. 2015<\/p><\/div>\n<div class=\"wp-caption alignnone\" style=\"width: 150px\"><a href=\"http:\/\/zsjarosovnn.cz\/?p=7084\"><img decoding=\"async\" loading=\"lazy\" style=\"background: url('http:\/\/zsjarosovnn.cz\/wp-content\/plugins\/bmo-expo\/css\/imgs\/ajax-loader.gif') no-repeat center; margin: 0px; padding: 0px; border: 0px currentColor; left: auto; top: auto; width: auto; height: auto; text-align: left; right: auto; bottom: auto; line-height: 16px; overflow: auto; clear: none; vertical-align: middle; float: none; display: inline; white-space: normal; position: relative; z-index: auto; min-height: 0px; max-height: 96%; min-width: 0px; max-width: 96%;\" src=\"http:\/\/zsjarosovnn.cz\/wp-content\/uploads\/2015\/04\/Popel\u00ednsk\u00e1-noti\u010dka-29.4.-2015-022-150x150.jpg\" alt=\"OLYMPUS DIGITAL CAMERA\" width=\"150\" height=\"150\" \/><\/a><p class=\"wp-caption-text\">Popel\u00ednsk\u00e1 noti\u010dka &#8211; 29.4. 2015<\/p><\/div>\n<div class=\"wp-caption alignnone\" style=\"width: 150px\"><a href=\"http:\/\/zsjarosovnn.cz\/?p=7066\"><img decoding=\"async\" loading=\"lazy\" style=\"background: url('http:\/\/zsjarosovnn.cz\/wp-content\/plugins\/bmo-expo\/css\/imgs\/ajax-loader.gif') no-repeat center; margin: 0px; padding: 0px; border: 0px currentColor; left: auto; top: auto; width: auto; height: auto; text-align: left; right: auto; bottom: auto; line-height: 16px; overflow: auto; clear: none; vertical-align: middle; float: none; display: inline; white-space: normal; position: relative; z-index: auto; min-height: 0px; max-height: 96%; min-width: 0px; max-width: 96%;\" src=\"http:\/\/zsjarosovnn.cz\/wp-content\/uploads\/2015\/04\/20150410_093912-150x150.jpg\" alt=\"20150410_093912\" width=\"150\" height=\"150\" \/><\/a><p class=\"wp-caption-text\">Kdo se boj\u00ed filharmonie? &#8211; 10.4. 2015<\/p><\/div>\n<div class=\"wp-caption alignnone\" style=\"width: 150px\"><a href=\"http:\/\/zsjarosovnn.cz\/?p=6980\"><img decoding=\"async\" loading=\"lazy\" style=\"background: url('http:\/\/zsjarosovnn.cz\/wp-content\/plugins\/bmo-expo\/css\/imgs\/ajax-loader.gif') no-repeat center; margin: 0px; padding: 0px; border: 0px currentColor; left: auto; top: auto; width: auto; height: auto; text-align: left; right: auto; bottom: auto; line-height: 16px; overflow: auto; clear: none; vertical-align: middle; float: none; display: inline; white-space: normal; position: relative; z-index: auto; min-height: 0px; max-height: 96%; min-width: 0px; max-width: 96%;\" src=\"http:\/\/zsjarosovnn.cz\/wp-content\/uploads\/2015\/04\/Den-Zem\u011b-25.4.-2015-105-150x150.jpg\" alt=\"OLYMPUS DIGITAL CAMERA\" width=\"150\" height=\"150\" \/><\/a><p class=\"wp-caption-text\">Z\u0160 Den Zem\u011b &#8211; 25.4. 2015<\/p><\/div>\n<div class=\"wp-caption alignnone\" style=\"width: 150px\"><a href=\"http:\/\/zsjarosovnn.cz\/?p=6929\"><img decoding=\"async\" loading=\"lazy\" style=\"background: url('http:\/\/zsjarosovnn.cz\/wp-content\/plugins\/bmo-expo\/css\/imgs\/ajax-loader.gif') no-repeat center; margin: 0px; padding: 0px; border: 0px currentColor; left: auto; top: auto; width: auto; height: auto; text-align: left; right: auto; bottom: auto; line-height: 16px; overflow: auto; clear: none; vertical-align: middle; float: none; display: inline; white-space: normal; position: relative; z-index: auto; min-height: 0px; max-height: 96%; min-width: 0px; max-width: 96%;\" src=\"http:\/\/zsjarosovnn.cz\/wp-content\/uploads\/2015\/04\/IMG_1956-150x150.jpg\" alt=\"IMG_1956\" width=\"150\" height=\"150\" \/><\/a><p class=\"wp-caption-text\">Ukli\u010fme sv\u011bt! &#8211; 22.4. 2015<\/p><\/div>\n<div class=\"wp-caption alignnone\" style=\"width: 150px\"><a href=\"http:\/\/zsjarosovnn.cz\/?p=6881\"><img decoding=\"async\" loading=\"lazy\" style=\"background: url('http:\/\/zsjarosovnn.cz\/wp-content\/plugins\/bmo-expo\/css\/imgs\/ajax-loader.gif') no-repeat center; margin: 0px; padding: 0px; border: 0px currentColor; left: auto; top: auto; width: auto; height: auto; text-align: left; right: auto; bottom: auto; line-height: 16px; overflow: auto; clear: none; vertical-align: middle; float: none; display: inline; white-space: normal; position: relative; z-index: auto; min-height: 0px; max-height: 96%; min-width: 0px; max-width: 96%;\" src=\"http:\/\/zsjarosovnn.cz\/wp-content\/uploads\/2015\/04\/Prv\u0148\u00e1\u010dci-v-Pravdov\u011b-knihovn\u011b-23.4.-2015-028-150x150.jpg\" alt=\"Prv\u0148\u00e1\u010dci v Pravdov\u011b knihovn\u011b - 23.4. 2015 028\" width=\"150\" height=\"150\" \/><\/a><p class=\"wp-caption-text\">Prv\u0148\u00e1\u010dci v Pravdov\u011b knihovn\u011b &#8211; 23.4. 2015<\/p><\/div>\n<div class=\"wp-caption alignnone\" style=\"width: 150px\"><a href=\"http:\/\/zsjarosovnn.cz\/?p=6867\"><img decoding=\"async\" loading=\"lazy\" style=\"background: url('http:\/\/zsjarosovnn.cz\/wp-content\/plugins\/bmo-expo\/css\/imgs\/ajax-loader.gif') no-repeat center; margin: 0px; padding: 0px; border: 0px currentColor; left: auto; top: auto; width: auto; height: auto; text-align: left; right: auto; bottom: auto; line-height: 16px; overflow: auto; clear: none; vertical-align: middle; float: none; display: inline; white-space: normal; position: relative; z-index: auto; min-height: 0px; max-height: 96%; min-width: 0px; max-width: 96%;\" src=\"http:\/\/zsjarosovnn.cz\/wp-content\/uploads\/2015\/04\/Vr\u00e1teck\u00fd-Picasso-21.-dubna-2015-014-150x150.jpg\" alt=\"OLYMPUS DIGITAL CAMERA\" width=\"150\" height=\"150\" \/><\/a><p class=\"wp-caption-text\">Vr\u00e1teck\u00fd Picasso &#8211; 21.4. 2015<\/p><\/div>\n<div class=\"wp-caption alignnone\" style=\"width: 150px\"><a href=\" http:\/\/zsjarosovnn.cz\/?p=6781\"><img decoding=\"async\" loading=\"lazy\" style=\"background: url('http:\/\/zsjarosovnn.cz\/wp-content\/plugins\/bmo-expo\/css\/imgs\/ajax-loader.gif') no-repeat center; margin: 0px; padding: 0px; border: 0px currentColor; left: auto; top: auto; width: auto; height: auto; text-align: left; right: auto; bottom: auto; line-height: 16px; overflow: auto; clear: none; vertical-align: middle; float: none; display: inline; white-space: normal; position: relative; z-index: auto; min-height: 0px; max-height: 96%; min-width: 0px; max-width: 96%;\" src=\"http:\/\/zsjarosovnn.cz\/wp-content\/uploads\/2015\/04\/Po\u010d\u00edta\u010dov\u00fd-krou\u017eek-007-150x150.jpg\" alt=\"OLYMPUS DIGITAL CAMERA\" width=\"150\" height=\"150\" \/><\/a><p class=\"wp-caption-text\">Po\u010d\u00edta\u010dov\u00fd krou\u017eek &#8211; 9.4. 2015<\/p><\/div>\n<div class=\"wp-caption alignnone\" style=\"width: 150px\"><a href=\"http:\/\/zsjarosovnn.cz\/?p=6644\"><img decoding=\"async\" loading=\"lazy\" style=\"background: url('http:\/\/zsjarosovnn.cz\/wp-content\/plugins\/bmo-expo\/css\/imgs\/ajax-loader.gif') no-repeat center; margin: 0px; padding: 0px; border: 0px currentColor; left: auto; top: auto; width: auto; height: auto; text-align: left; right: auto; bottom: auto; line-height: 16px; overflow: auto; clear: none; vertical-align: middle; float: none; display: inline; white-space: normal; position: relative; z-index: auto; min-height: 0px; max-height: 96%; min-width: 0px; max-width: 96%;\" src=\"http:\/\/zsjarosovnn.cz\/wp-content\/uploads\/2015\/04\/Z\u0160-Jaro\u0161ovsk\u00e9-vaj\u00ed\u010dko-1.-dubna-2015-120-150x150.jpg\" alt=\"Z\u0160 Jaro\u0161ovsk\u00e9 vaj\u00ed\u010dko - 1. dubna 2015 120\" width=\"150\" height=\"150\" \/><\/a><p class=\"wp-caption-text\">Jaro\u0161ovsk\u00e9 vaj\u00ed\u010dko &#8211; 1. dubna 2015<\/p><\/div>\n<div class=\"wp-caption alignnone\" style=\"width: 150px\"><a href=\"http:\/\/zsjarosovnn.cz\/?p=6616\"><img decoding=\"async\" loading=\"lazy\" style=\"background: url('http:\/\/zsjarosovnn.cz\/wp-content\/plugins\/bmo-expo\/css\/imgs\/ajax-loader.gif') no-repeat center; margin: 0px; padding: 0px; border: 0px currentColor; left: auto; top: auto; width: auto; height: auto; text-align: left; right: auto; bottom: auto; line-height: 16px; overflow: auto; clear: none; vertical-align: middle; float: none; display: inline; white-space: normal; position: relative; z-index: auto; min-height: 0px; max-height: 96%; min-width: 0px; max-width: 96%;\" src=\"http:\/\/zsjarosovnn.cz\/wp-content\/uploads\/2015\/03\/Ml\u00fdnek-v-Mlad\u00e9m-24.3.-2015-028-150x150.jpg\" alt=\"\" width=\"150\" height=\"150\" \/><\/a><p class=\"wp-caption-text\">Ml\u00fdnek v Mlad\u00e9m &#8211; 24.3. 2015<\/p><\/div>\n<div class=\"wp-caption alignnone\" style=\"width: 150px\"><a href=\"http:\/\/zsjarosovnn.cz\/?p=6607\"><img decoding=\"async\" loading=\"lazy\" style=\"background: url('http:\/\/zsjarosovnn.cz\/wp-content\/plugins\/bmo-expo\/css\/imgs\/ajax-loader.gif') no-repeat center; margin: 0px; padding: 0px; border: 0px currentColor; left: auto; top: auto; width: auto; height: auto; text-align: left; right: auto; bottom: auto; line-height: 16px; overflow: auto; clear: none; vertical-align: middle; float: none; display: inline; white-space: normal; position: relative; z-index: auto; min-height: 0px; max-height: 96%; min-width: 0px; max-width: 96%;\" src=\"http:\/\/zsjarosovnn.cz\/wp-content\/uploads\/2015\/03\/V\u00fdtvarn\u00fd-koru\u017eek-8-150x150.jpg\" alt=\"V\u00fdtvarn\u00fd koru\u017eek (8)\" width=\"150\" height=\"150\" \/><\/a><p class=\"wp-caption-text\">V\u00fdtvarn\u00fd krou\u017eek &#8211; pr\u00e1ce d\u011bt\u00ed &#8211; 23.3. 2015<\/p><\/div>\n<div class=\"wp-caption alignnone\" style=\"width: 150px\"><a href=\"http:\/\/zsjarosovnn.cz\/?p=6575\"><img decoding=\"async\" loading=\"lazy\" style=\"background: url('http:\/\/zsjarosovnn.cz\/wp-content\/plugins\/bmo-expo\/css\/imgs\/ajax-loader.gif') no-repeat center; margin: 0px; padding: 0px; border: 0px currentColor; left: auto; top: auto; width: auto; height: auto; text-align: left; right: auto; bottom: auto; line-height: 16px; overflow: auto; clear: none; vertical-align: middle; float: none; display: inline; white-space: normal; position: relative; z-index: auto; min-height: 0px; max-height: 96%; min-width: 0px; max-width: 96%;\" src=\"http:\/\/zsjarosovnn.cz\/wp-content\/uploads\/2015\/03\/Zatm\u011bn\u00ed-Slunce-20.3.-2015-009-150x150.jpg\" alt=\"Zatm\u011bn\u00ed Slunce - 20.3. 2015 009\" width=\"150\" height=\"150\" \/><\/a><p class=\"wp-caption-text\">Zatm\u011bn\u00ed Slunce &#8211; 20.3. 2015<\/p><\/div>\n<div class=\"wp-caption alignnone\" style=\"width: 150px\"><a href=\"%20http:\/\/zsjarosovnn.cz\/?p=6571\"><img decoding=\"async\" loading=\"lazy\" style=\"background: url('http:\/\/zsjarosovnn.cz\/wp-content\/plugins\/bmo-expo\/css\/imgs\/ajax-loader.gif') no-repeat center; margin: 0px; padding: 0px; border: 0px currentColor; left: auto; top: auto; width: auto; height: auto; text-align: left; right: auto; bottom: auto; line-height: 16px; overflow: auto; clear: none; vertical-align: middle; float: none; display: inline; white-space: normal; position: relative; z-index: auto; min-height: 0px; max-height: 96%; min-width: 0px; max-width: 96%;\" src=\"http:\/\/zsjarosovnn.cz\/wp-content\/uploads\/2015\/03\/IMG_19091-150x150.jpg\" alt=\"IMG_1909\" width=\"150\" height=\"150\" \/><\/a><p class=\"wp-caption-text\">Z\u0160 Den zdrav\u00ed &#8211; 18.3. 2015<\/p><\/div>\n<div class=\"wp-caption alignnone\" style=\"width: 150px\"><a href=\"http:\/\/zsjarosovnn.cz\/?p=6462\"><img decoding=\"async\" loading=\"lazy\" style=\"background: url('http:\/\/zsjarosovnn.cz\/wp-content\/plugins\/bmo-expo\/css\/imgs\/ajax-loader.gif') no-repeat center; margin: 0px; padding: 0px; border: 0px currentColor; left: auto; top: auto; width: auto; height: auto; text-align: left; right: auto; bottom: auto; line-height: 16px; overflow: auto; clear: none; vertical-align: middle; float: none; display: inline; white-space: normal; position: relative; z-index: auto; min-height: 0px; max-height: 96%; min-width: 0px; max-width: 96%;\" src=\"http:\/\/zsjarosovnn.cz\/wp-content\/uploads\/2015\/02\/\u0160D-Ma\u0161karn\u00ed-karneval-27.2.-2015-004-150x150.jpg\" alt=\"\u0160D Ma\u0161karn\u00ed karneval - 27.2. 2015 004\" width=\"150\" height=\"150\" \/><\/a><p class=\"wp-caption-text\">\u0160D Ma\u0161karn\u00ed karneval &#8211; 27.2. 2015<\/p><\/div>\n<div class=\"wp-caption alignnone\" style=\"width: 150px\"><a href=\"http:\/\/zsjarosovnn.cz\/?p=6433\"><img decoding=\"async\" loading=\"lazy\" style=\"background: url('http:\/\/zsjarosovnn.cz\/wp-content\/plugins\/bmo-expo\/css\/imgs\/ajax-loader.gif') no-repeat center; margin: 0px; padding: 0px; border: 0px currentColor; left: auto; top: auto; width: auto; height: auto; text-align: left; right: auto; bottom: auto; line-height: 16px; overflow: auto; clear: none; vertical-align: middle; float: none; display: inline; white-space: normal; position: relative; z-index: auto; min-height: 0px; max-height: 96%; min-width: 0px; max-width: 96%;\" src=\"http:\/\/zsjarosovnn.cz\/wp-content\/uploads\/2015\/02\/Fotbalov\u00fd-turnaj-malot\u0159\u00eddn\u00edch-\u0161kol-Velk\u00e1-Lhota-25.2.-2015-003-150x150.jpg\" alt=\"Fotbalov\u00fd turnaj malot\u0159\u00eddn\u00edch \u0161kol - Velk\u00e1 Lhota - 25.2. 2015 003\" width=\"150\" height=\"150\" \/><\/a><p class=\"wp-caption-text\">Fotbalov\u00fd turnaj &#8211; Velk\u00e1 Lhota &#8211; 25.2. 2015<\/p><\/div>\n<div class=\"wp-caption alignnone\" style=\"width: 150px\"><a href=\"http:\/\/zsjarosovnn.cz\/?p=6408\"><img decoding=\"async\" loading=\"lazy\" style=\"background: url('http:\/\/zsjarosovnn.cz\/wp-content\/plugins\/bmo-expo\/css\/imgs\/ajax-loader.gif') no-repeat center; margin: 0px; padding: 0px; border: 0px currentColor; left: auto; top: auto; width: auto; height: auto; text-align: left; right: auto; bottom: auto; line-height: 16px; overflow: auto; clear: none; vertical-align: middle; float: none; display: inline; white-space: normal; position: relative; z-index: auto; min-height: 0px; max-height: 96%; min-width: 0px; max-width: 96%;\" src=\"http:\/\/zsjarosovnn.cz\/wp-content\/uploads\/2015\/02\/Druh\u00e1ci-\u010dtou-prv\u0148\u00e1k\u016fm-24.2.-2015-002-150x150.jpg\" alt=\"Druh\u00e1ci \u010dtou prv\u0148\u00e1k\u016fm - 24.2. 2015 002\" width=\"150\" height=\"150\" \/><\/a><p class=\"wp-caption-text\">Druh\u00e1ci \u010dtou prv\u0148\u00e1k\u016fm knihovna &#8211; 24.2.<\/p><\/div>\n<div class=\"wp-caption alignnone\" style=\"width: 150px\"><a href=\"http:\/\/zsjarosovnn.cz\/?p=6390\"><img decoding=\"async\" loading=\"lazy\" style=\"background: url('http:\/\/zsjarosovnn.cz\/wp-content\/plugins\/bmo-expo\/css\/imgs\/ajax-loader.gif') no-repeat center; margin: 0px; padding: 0px; border: 0px currentColor; left: auto; top: auto; width: auto; height: auto; text-align: left; right: auto; bottom: auto; line-height: 16px; overflow: auto; clear: none; vertical-align: middle; float: none; display: inline; white-space: normal; position: relative; z-index: auto; min-height: 0px; max-height: 96%; min-width: 0px; max-width: 96%;\" src=\"http:\/\/zsjarosovnn.cz\/wp-content\/uploads\/2015\/02\/Vesel\u00e9-zoubky-1.-ro\u010d.-20.2.-2015-006-150x150.jpg\" alt=\"Vesel\u00e9 zoubky - 1. ro\u010d. - 20.2. 2015 006\" width=\"150\" height=\"150\" \/><\/a><p class=\"wp-caption-text\">Projekt Vesel\u00e9 zoubky &#8211; 1. ro\u010dn\u00edk &#8211; 20.2. 2015<\/p><\/div>\n<div class=\"wp-caption alignnone\" style=\"width: 150px\"><a href=\"http:\/\/zsjarosovnn.cz\/?p=6351\"><img decoding=\"async\" loading=\"lazy\" style=\"background: url('http:\/\/zsjarosovnn.cz\/wp-content\/plugins\/bmo-expo\/css\/imgs\/ajax-loader.gif') no-repeat center; margin: 0px; padding: 0px; border: 0px currentColor; left: auto; top: auto; width: auto; height: auto; text-align: left; right: auto; bottom: auto; line-height: 16px; overflow: auto; clear: none; vertical-align: middle; float: none; display: inline; white-space: normal; position: relative; z-index: auto; min-height: 0px; max-height: 96%; min-width: 0px; max-width: 96%;\" src=\"http:\/\/zsjarosovnn.cz\/wp-content\/uploads\/2015\/02\/IMG_1820-150x150.jpg\" alt=\"IMG_1820\" width=\"150\" height=\"150\" \/><\/a><p class=\"wp-caption-text\">Beseda se sb\u011bratelem miner\u00e1l\u016f &#8211; 10.2.<\/p><\/div>\n<div class=\"wp-caption alignnone\" style=\"width: 150px\"><a href=\"http:\/\/zsjarosovnn.cz\/?p=6206\"><img decoding=\"async\" loading=\"lazy\" style=\"background: url('http:\/\/zsjarosovnn.cz\/wp-content\/plugins\/bmo-expo\/css\/imgs\/ajax-loader.gif') no-repeat center; margin: 0px; padding: 0px; border: 0px currentColor; left: auto; top: auto; width: auto; height: auto; text-align: left; right: auto; bottom: auto; line-height: 16px; overflow: auto; clear: none; vertical-align: middle; float: none; display: inline; white-space: normal; position: relative; z-index: auto; min-height: 0px; max-height: 96%; min-width: 0px; max-width: 96%;\" src=\"http:\/\/zsjarosovnn.cz\/wp-content\/uploads\/2015\/02\/P\u0159ipravujeme-si-zdravou-sva\u010dinu-13.2.-2015-010-150x150.jpg\" alt=\"P\u0159ipravujeme si zdravou sva\u010dinu - 13.2. 2015 010\" width=\"150\" height=\"150\" \/><\/a><p class=\"wp-caption-text\">Sva\u010dinu dnes nenosit! &#8211; 1. ro\u010dn\u00edk &#8211; 13.2. 2015<\/p><\/div>\n<div class=\"wp-caption alignnone\" style=\"width: 150px\"><a href=\"http:\/\/zsjarosovnn.cz\/?p=6057\"><img decoding=\"async\" loading=\"lazy\" style=\"background: url('http:\/\/zsjarosovnn.cz\/wp-content\/plugins\/bmo-expo\/css\/imgs\/ajax-loader.gif') no-repeat center; margin: 0px; padding: 0px; border: 0px currentColor; left: auto; top: auto; width: auto; height: auto; text-align: left; right: auto; bottom: auto; line-height: 16px; overflow: auto; clear: none; vertical-align: middle; float: none; display: inline; white-space: normal; position: relative; z-index: auto; min-height: 0px; max-height: 96%; min-width: 0px; max-width: 96%;\" src=\"http:\/\/zsjarosovnn.cz\/wp-content\/uploads\/2015\/01\/V\u00fdstava-dinosaur\u016f-006-150x150.jpg\" alt=\"OLYMPUS DIGITAL CAMERA\" width=\"150\" height=\"150\" \/><\/a><p class=\"wp-caption-text\">N\u00e1vrat dinosaur\u016f &#8211; 28.1. 2015<\/p><\/div>\n<div class=\"wp-caption alignnone\" style=\"width: 150px\"><a href=\"http:\/\/zsjarosovnn.cz\/?p=6047\"><img decoding=\"async\" loading=\"lazy\" style=\"background: url('http:\/\/zsjarosovnn.cz\/wp-content\/plugins\/bmo-expo\/css\/imgs\/ajax-loader.gif') no-repeat center; margin: 0px; padding: 0px; border: 0px currentColor; left: auto; top: auto; width: auto; height: auto; text-align: left; right: auto; bottom: auto; line-height: 16px; overflow: auto; clear: none; vertical-align: middle; float: none; display: inline; white-space: normal; position: relative; z-index: auto; min-height: 0px; max-height: 96%; min-width: 0px; max-width: 96%;\" src=\"http:\/\/zsjarosovnn.cz\/wp-content\/uploads\/2015\/01\/Leden-2015-072-150x150.jpg\" alt=\"Leden 2015 072\" width=\"150\" height=\"150\" \/><\/a><p class=\"wp-caption-text\">Prvn\u00ed t\u0159\u00edda &#8211; 30. leden 2015<\/p><\/div>\n<div class=\"wp-caption alignnone\" style=\"width: 150px\"><a href=\"http:\/\/zsjarosovnn.cz\/?p=6027\"><img decoding=\"async\" loading=\"lazy\" style=\"background: url('http:\/\/zsjarosovnn.cz\/wp-content\/plugins\/bmo-expo\/css\/imgs\/ajax-loader.gif') no-repeat center; margin: 0px; padding: 0px; border: 0px currentColor; left: auto; top: auto; width: auto; height: auto; text-align: left; right: auto; bottom: auto; line-height: 16px; overflow: auto; clear: none; vertical-align: middle; float: none; display: inline; white-space: normal; position: relative; z-index: auto; min-height: 0px; max-height: 96%; min-width: 0px; max-width: 96%;\" src=\"http:\/\/zsjarosovnn.cz\/wp-content\/uploads\/2015\/01\/Vysv\u011bd\u010den\u00ed-z\u00e1pis-do-1.-t\u0159\u00eddy-29.1.-2015-005-150x150.jpg\" alt=\"Vysv\u011bd\u010den\u00ed, z\u00e1pis do 1. t\u0159\u00eddy - 29.1. 2015 005\" width=\"150\" height=\"150\" \/><\/a><p class=\"wp-caption-text\">Z\u00e1pis do 1. t\u0159\u00eddy &#8211; 29.1. 2015<\/p><\/div>\n<div class=\"wp-caption alignnone\" style=\"width: 150px\"><a href=\"http:\/\/zsjarosovnn.cz\/?p=5434\"><img decoding=\"async\" loading=\"lazy\" src=\"http:\/\/zsjarosovnn.cz\/wp-content\/uploads\/2014\/11\/P%C3%A1%C5%A5%C3%A1ci-pe%C4%8Dou-pern%C3%AD%C4%8Dky-28.11.-2014-008-150x150.jpg\" alt=\"\" width=\"150\" height=\"150\" \/><\/a><p class=\"wp-caption-text\">P\u00e1\u0165\u00e1ci pe\u010dou pern\u00ed\u010dky &#8211; 28.11. 2014<\/p><\/div>\n<div class=\"wp-caption alignnone\" style=\"width: 150px\"><a href=\"http:\/\/zsjarosovnn.cz\/?p=5446\"><img decoding=\"async\" loading=\"lazy\" src=\"http:\/\/zsjarosovnn.cz\/wp-content\/uploads\/2014\/11\/Adventn%C3%AD-v%C4%9Bnce-%C5%A0D-28.11.-2014-004-150x150.jpg\" alt=\"\" width=\"150\" height=\"150\" \/><\/a><p class=\"wp-caption-text\">Adventn\u00ed tvo\u0159en\u00ed \u2013 28. 11. 2014<\/p><\/div>\n<div class=\"wp-caption alignnone\" style=\"width: 150px\"><a href=\"http:\/\/zsjarosovnn.cz\/?p=5399\"><img decoding=\"async\" loading=\"lazy\" src=\"http:\/\/zsjarosovnn.cz\/wp-content\/uploads\/2014\/11\/Hr%C3%A1tky-s-ov%C4%8D%C3%AD-vlnou-1.-ro%C4%8Dn%C3%ADk-26.11.-2014-002-150x150.jpg\" alt=\"Hr\u00e1tky s ov\u010d\u00ed vlnou - 1. ro\u010dn\u00edk - 26.11. 2014 002\" width=\"150\" height=\"150\" \/><\/a><p class=\"wp-caption-text\">Hr\u00e1tky s ov\u010d\u00ed vlnou &#8211; 1. ro\u010dn\u00edk &#8211; 26.11. 2014<\/p><\/div>\n<div class=\"wp-caption alignnone\" style=\"width: 150px\"><a href=\"http:\/\/zsjarosovnn.cz\/?p=5299\"><img decoding=\"async\" loading=\"lazy\" src=\"http:\/\/zsjarosovnn.cz\/wp-content\/uploads\/2014\/11\/Stromy-listopad-2014-25-150x150.jpg\" alt=\"OLYMPUS DIGITAL CAMERA\" width=\"150\" height=\"150\" \/><\/a><p class=\"wp-caption-text\">D\u011bti d\u011btem, d\u011bti pro p\u0159\u00edrodu<\/p><\/div>\n<div class=\"wp-caption alignnone\" style=\"width: 150px\"><a href=\"http:\/\/zsjarosovnn.cz\/?p=5286\"><img decoding=\"async\" loading=\"lazy\" src=\"http:\/\/zsjarosovnn.cz\/wp-content\/uploads\/2014\/11\/N%C3%A1v%C5%A1t%C4%9Bva-keramick%C3%A9-d%C3%ADlny-034-150x150.jpg\" alt=\"N\u00e1v\u0161t\u011bva keramick\u00e9 d\u00edlny 034\" width=\"150\" height=\"150\" \/><\/a><p class=\"wp-caption-text\">N\u00e1v\u0161t\u011bva keramick\u00e9 d\u00edlny &#8211; 11.11. 2014<\/p><\/div>\n<div class=\"wp-caption alignnone\" style=\"width: 150px\"><a href=\"http:\/\/zsjarosovnn.cz\/?p=5167\"><img decoding=\"async\" loading=\"lazy\" src=\"http:\/\/zsjarosovnn.cz\/wp-content\/uploads\/2014\/10\/5.-ro%C4%8Dn%C3%ADk-Ochutn%C3%A1vka-musli-31.010.-2014-005-150x150.jpg\" alt=\"5. ro\u010dn\u00edk - Ochutn\u00e1vka musli - 31.010. 2014 005\" width=\"150\" height=\"150\" \/><\/a><p class=\"wp-caption-text\">Ochutn\u00e1vka m\u00fcssli &#8211; 31.10. 2014<\/p><\/div>\n<div class=\"wp-caption alignnone\" style=\"width: 150px\"><a href=\"http:\/\/zsjarosovnn.cz\/?p=5141\"><img decoding=\"async\" loading=\"lazy\" src=\"http:\/\/zsjarosovnn.cz\/wp-content\/uploads\/2014\/10\/Operetky-v-I.-Z%C5%A0-JH-30.-10.-2014-043-150x150.jpg\" alt=\"\" width=\"150\" height=\"150\" \/><\/a><p class=\"wp-caption-text\">Prv\u0148\u00e1\u010dci na v\u00fdstav\u011b Merkur &#8211; 30. 10. 2014<\/p><\/div>\n<div class=\"wp-caption alignnone\" style=\"width: 150px\"><a href=\"http:\/\/zsjarosovnn.cz\/?p=5112\"><img decoding=\"async\" loading=\"lazy\" src=\"http:\/\/zsjarosovnn.cz\/wp-content\/uploads\/2014\/10\/Operetky-v-I.-Z%C5%A0-JH-30.-10.-2014-014-150x150.jpg\" alt=\"Operetky v I. Z\u0160 JH - 30. 10. 2014 014\" width=\"150\" height=\"150\" \/><\/a><p class=\"wp-caption-text\">Operetky v I. Z\u0160 JH &#8211; 30.10. 2014<\/p><\/div>\n<div class=\"wp-caption alignnone\" style=\"width: 150px\"><a href=\"http:\/\/zsjarosovnn.cz\/?p=5093\"><img decoding=\"async\" loading=\"lazy\" src=\"http:\/\/zsjarosovnn.cz\/wp-content\/uploads\/2014\/10\/Z%C3%A1lo%C5%BEka-do-knihy-spojuje-%C5%A1koly-2014-003-150x150.jpg\" alt=\"Z\u00e1lo\u017eka do knihy spojuje \u0161koly 2014 003\" width=\"150\" height=\"150\" \/><\/a><p class=\"wp-caption-text\">Z\u00e1lo\u017eka do knihy spojuje \u0161koly<\/p><\/div>\n<div class=\"wp-caption alignnone\" style=\"width: 150px\"><a href=\"http:\/\/zsjarosovnn.cz\/?p=5087\"><img decoding=\"async\" loading=\"lazy\" src=\"http:\/\/zsjarosovnn.cz\/wp-content\/uploads\/2014\/10\/Bruslen%C3%AD-v-JH-24.10.-2014-28-150x150.jpg\" alt=\"Bruslen\u00ed v JH - 24.10. 2014 (28)\" width=\"150\" height=\"150\" \/><\/a><p class=\"wp-caption-text\">Bruslen\u00ed v JH &#8211; 24.10. 2014<\/p><\/div>\n<div class=\"wp-caption alignnone\" style=\"width: 150px\"><a href=\"http:\/\/zsjarosovnn.cz\/?p=5017\"><img decoding=\"async\" loading=\"lazy\" src=\"http:\/\/zsjarosovnn.cz\/wp-content\/uploads\/2014\/10\/Prv%C5%88%C3%A1%C4%8Dci-v-knihovn%C4%9B-JH-24.10.-2014-005-1-150x150.jpg\" alt=\"Prv\u0148\u00e1\u010dci v knihovn\u011b - JH -  24.10. 2014 005 (1)\" width=\"150\" height=\"150\" \/><\/a><p class=\"wp-caption-text\">Prv\u0148\u00e1\u010dci v M\u011bstsk\u00e9 knihovn\u011b J.H. 24. 10.<\/p><\/div>\n<div class=\"wp-caption alignnone\" style=\"width: 150px\"><a href=\"http:\/\/zsjarosovnn.cz\/?p=4925\"><img decoding=\"async\" loading=\"lazy\" src=\"http:\/\/zsjarosovnn.cz\/wp-content\/uploads\/2014\/10\/P%C3%A1tek-10.10.-2014-008-150x150.jpg\" alt=\"OLYMPUS DIGITAL CAMERA\" width=\"150\" height=\"150\" \/><\/a><p class=\"wp-caption-text\">Prv\u0148\u00e1\u010dci na \u0161koln\u00ed zahrad\u011b \u2013 10.10. 2014<\/p><\/div>\n<div class=\"wp-caption alignnone\" style=\"width: 150px\"><a href=\"http:\/\/zsjarosovnn.cz\/?p=4916\"><img decoding=\"async\" loading=\"lazy\" src=\"http:\/\/zsjarosovnn.cz\/wp-content\/uploads\/2014\/10\/P%C3%A1tek-10.10.-2014-021-150x150.jpg\" alt=\"OLYMPUS DIGITAL CAMERA\" width=\"150\" height=\"150\" \/><\/a><p class=\"wp-caption-text\">\u0160D Brambori\u00e1da \u2013 6.-10.10. 2014<\/p><\/div>\n<div class=\"wp-caption alignnone\" style=\"width: 150px\"><a href=\"http:\/\/zsjarosovnn.cz\/?p=4849\"><img decoding=\"async\" loading=\"lazy\" src=\"http:\/\/zsjarosovnn.cz\/wp-content\/uploads\/2014\/09\/Z%C3%A1%C5%99%C3%AD-v-1.-t%C5%99%C3%ADd%C4%9B-0051-150x150.jpg\" alt=\"Z\u00e1\u0159\u00ed v 1. t\u0159\u00edd\u011b 005\" width=\"150\" height=\"150\" \/><\/a><p class=\"wp-caption-text\">Prvn\u00ed p\u00edsmenka 25.9. 2014<\/p><\/div>\n<div class=\"wp-caption alignnone\" style=\"width: 150px\"><a href=\"http:\/\/zsjarosovnn.cz\/?p=4836\"><img decoding=\"async\" loading=\"lazy\" src=\"http:\/\/zsjarosovnn.cz\/wp-content\/uploads\/2014\/09\/IMG_1655-150x150.jpg\" alt=\"IMG_1655\" width=\"150\" height=\"150\" \/><\/a><p class=\"wp-caption-text\">Stromy, sk\u0159eti, d\u0159ev\u00e1ci &#8211; 1. setk\u00e1n\u00ed &#8211; 23.9.<\/p><\/div>\n<div class=\"wp-caption alignnone\" style=\"width: 150px\"><a href=\"http:\/\/zsjarosovnn.cz\/?p=4549\"><img decoding=\"async\" loading=\"lazy\" src=\"http:\/\/zsjarosovnn.cz\/wp-content\/uploads\/2014\/09\/U%C4%8Dme-se-l%C3%A9tat-9.9.-2014-077-150x150.jpg\" alt=\"U\u010dme se l\u00e9tat - 9.9. 2014 077\" width=\"150\" height=\"150\" \/><\/a><p class=\"wp-caption-text\">Z\u0160 a M\u0160 U\u010dme se l\u00e9tat &#8211; uk\u00e1zka dravc\u016f &#8211; 9.9. 2014<\/p><\/div>\n<div class=\"wp-caption alignnone\" style=\"width: 150px\"><a href=\"http:\/\/zsjarosovnn.cz\/?p=4447\"><img decoding=\"async\" loading=\"lazy\" class=\" \" src=\"http:\/\/zsjarosovnn.cz\/wp-content\/uploads\/2014\/09\/%C2%B4projekt-T%C5%99%C3%ADd%C3%ADm-t%C5%99%C3%ADd%C3%AD%C5%A1-t%C5%99%C3%ADd%C3%ADme-5.9.-2014-0221-150x150.jpg\" alt=\"\u00b4projekt T\u0159\u00edd\u00edm, t\u0159\u00edd\u00ed\u0161, t\u0159\u00edd\u00edme - 5.9. 2014 022\" width=\"150\" height=\"150\" \/><\/a><p class=\"wp-caption-text\">Z\u0160 projekt T\u0159\u00edd\u00edm, t\u0159\u00edd\u00ed\u0161, t\u0159\u00edd\u00edme &#8211;<br \/>5. z\u00e1\u0159\u00ed 2014<\/p><\/div>\n<div class=\"wp-caption alignnone\" style=\"width: 150px\"><a href=\"http:\/\/zsjarosovnn.cz\/?p=4487\"><img decoding=\"async\" loading=\"lazy\" src=\"http:\/\/zsjarosovnn.cz\/wp-content\/uploads\/2014\/09\/IMG_6604-150x150.jpg\" alt=\"IMG_6604\" width=\"150\" height=\"150\" \/><\/a><p class=\"wp-caption-text\">Z\u0160 Slavnostn\u00ed zah\u00e1jen\u00ed \u0161koln\u00edho roku &#8211; 1.9. 2014<\/p><\/div>\n","protected":false},"excerpt":{"rendered":"","protected":false},"author":2,"featured_media":0,"parent":0,"menu_order":0,"comment_status":"closed","ping_status":"closed","template":"","meta":{"ngg_post_thumbnail":0},"_links":{"self":[{"href":"http:\/\/zsjarosovnn.cz\/index.php?rest_route=\/wp\/v2\/pages\/8505"}],"collection":[{"href":"http:\/\/zsjarosovnn.cz\/index.php?rest_route=\/wp\/v2\/pages"}],"about":[{"href":"http:\/\/zsjarosovnn.cz\/index.php?rest_route=\/wp\/v2\/types\/page"}],"author":[{"embeddable":true,"href":"http:\/\/zsjarosovnn.cz\/index.php?rest_route=\/wp\/v2\/users\/2"}],"replies":[{"embeddable":true,"href":"http:\/\/zsjarosovnn.cz\/index.php?rest_route=%2Fwp%2Fv2%2Fcomments&post=8505"}],"version-history":[{"count":5,"href":"http:\/\/zsjarosovnn.cz\/index.php?rest_route=\/wp\/v2\/pages\/8505\/revisions"}],"predecessor-version":[{"id":28569,"href":"http:\/\/zsjarosovnn.cz\/index.php?rest_route=\/wp\/v2\/pages\/8505\/revisions\/28569"}],"wp:attachment":[{"href":"http:\/\/zsjarosovnn.cz\/index.php?rest_route=%2Fwp%2Fv2%2Fmedia&parent=8505"}],"curies":[{"name":"wp","href":"https:\/\/api.w.org\/{rel}","templated":true}]}}